{"id":14731,"date":"2016-05-31T17:17:10","date_gmt":"2016-05-31T15:17:10","guid":{"rendered":"https:\/\/www.hutter.nl\/catalogue\/sin%20categor\u00eda\/product\/plysu-trajes-de-aire\/"},"modified":"2025-08-28T09:39:15","modified_gmt":"2025-08-28T07:39:15","slug":"plysu-trajes-de-aire","status":"publish","type":"product","link":"https:\/\/www.hutter.nl\/es\/winkel\/gama\/epi-diversos\/trajes-ventilados\/plysu-trajes-de-aire\/","title":{"rendered":"PLYSU TRAJES DE AIRE"},"content":{"rendered":"<p data-start=\"90\" data-end=\"696\">En los <strong data-start=\"97\" data-end=\"121\">trajes de aire Plysu<\/strong> se protege todo el cuerpo y se suministra tanto aire respirable como aire de refrigeraci\u00f3n. El traje es c\u00f3modo y ofrece tanta libertad de movimiento que se puede trabajar con \u00e9l durante largos periodos. Por ejemplo, en trabajos de car\u00e1cter prolongado, como producci\u00f3n o limpieza tras un incidente. Despu\u00e9s de su uso, el portador puede ducharse con el traje puesto para enjuagar la contaminaci\u00f3n acumulada. La cremallera de entrada horizontal se encuentra en la parte frontal del traje. Se puede elegir entre una cremallera industrial, herm\u00e9tica al aire o herm\u00e9tica al gas.<\/p>\n<p data-start=\"698\" data-end=\"1418\">El <strong data-start=\"701\" data-end=\"730\">traje de aire en Wavelock<\/strong> se entrega de serie con calcet\u00edn para botas, de modo que el usuario pueda introducirse con su propio calzado de seguridad. Como opci\u00f3n, se pueden montar botas de seguridad fijas o intercambiables. El <strong data-start=\"931\" data-end=\"964\">arn\u00e9s de distribuci\u00f3n de aire<\/strong> est\u00e1 incorporado en el traje y garantiza una distribuci\u00f3n equilibrada del aire. El traje requiere un suministro de aire m\u00ednimo de <strong data-start=\"1095\" data-end=\"1109\">311 litros<\/strong> y m\u00e1ximo de <strong data-start=\"1122\" data-end=\"1147\">425 litros por minuto<\/strong>. Una se\u00f1al ac\u00fastica advierte al usuario cuando el caudal de aire se encuentra por debajo o por encima de los valores m\u00ednimos o m\u00e1ximos. La evacuaci\u00f3n del aire se realiza a trav\u00e9s de <strong data-start=\"1330\" data-end=\"1363\">cuatro v\u00e1lvulas de exhalaci\u00f3n<\/strong>: dos en la capucha y dos a la altura de las caderas.<\/p>\n<p data-start=\"1420\" data-end=\"1829\">El traje est\u00e1 equipado con <strong data-start=\"1447\" data-end=\"1486\">pu\u00f1os para guantes y juntas t\u00f3ricas<\/strong>, y se entrega de serie sin cintur\u00f3n de aire, guantes ni acoplamientos. Los <strong data-start=\"1562\" data-end=\"1585\">acoplamientos Plysu<\/strong> y guantes espec\u00edficos pueden suministrarse por separado o ya montados. Se recomienda el uso del <strong data-start=\"1682\" data-end=\"1704\">colgador de trajes<\/strong>, que asegura que el traje se cuelgue de manera correcta. Los puntos de suspensi\u00f3n necesarios est\u00e1n integrados en el traje.<\/p>\n<p data-start=\"1831\" data-end=\"1886\">Las tallas disponibles son <strong data-start=\"1858\" data-end=\"1883\">small, medium y large<\/strong>:<\/p>\n<ul data-start=\"1887\" data-end=\"2082\">\n<li data-start=\"1887\" data-end=\"1961\">\n<p data-start=\"1889\" data-end=\"1961\">Small: adecuada para un usuario con una altura promedio de <strong data-start=\"1948\" data-end=\"1958\">1,73 m<\/strong>.<\/p>\n<\/li>\n<li data-start=\"1962\" data-end=\"2022\">\n<p data-start=\"1964\" data-end=\"2022\">Medium: adecuada para una altura promedio de <strong data-start=\"2009\" data-end=\"2019\">1,83 m<\/strong>.<\/p>\n<\/li>\n<li data-start=\"2023\" data-end=\"2082\">\n<p data-start=\"2025\" data-end=\"2082\">Large: adecuada para una altura promedio de <strong data-start=\"2069\" data-end=\"2079\">1,93 m<\/strong>.<\/p>\n<\/li>\n<\/ul>\n","protected":false},"excerpt":{"rendered":"<p data-start=\"87\" data-end=\"499\">El traje ventilado herm\u00e9tico al aire y al gas Plysu ofrece una protecci\u00f3n \u00f3ptima contra gases t\u00f3xicos, vapores, productos qu\u00edmicos y otras sustancias peligrosas para la salud. En el traje de aire, el usuario est\u00e1 completamente provisto de aire respirable y de refrigeraci\u00f3n, y todo el cuerpo queda protegido. El material Wavelock es bastante resistente, m\u00e1s ligero y m\u00e1s flexible que el traje de aire Duraskin.<\/p>\n<p data-start=\"501\" data-end=\"539\">Factor de protecci\u00f3n nominal: 10.000<\/p>\n","protected":false},"featured_media":14732,"comment_status":"closed","ping_status":"closed","template":"","meta":[],"product_brand":[],"product_cat":[3242,3310],"product_tag":[3328,3326,3316,3324,3325,3319,2896,2898,3318,3321,3322,3327,3320,3329,3330,3323],"class_list":{"0":"post-14731","1":"product","2":"type-product","3":"status-publish","4":"has-post-thumbnail","6":"product_cat-gama","7":"product_cat-trajes-ventilados","8":"product_tag-acoplamientos","9":"product_tag-aire-de-refrigeracion","10":"product_tag-cinturon-de-aire","11":"product_tag-duraskin-es","12":"product_tag-factor-de-proteccion-10000","13":"product_tag-gases-toxicos","14":"product_tag-hoofddorp-es","15":"product_tag-hutter-veiligheid-b-v-es","16":"product_tag-libertad-de-movimiento","17":"product_tag-productos-quimicos","18":"product_tag-traje-de-aire","19":"product_tag-valvulas-de-exhalacion","20":"product_tag-vapores","21":"product_tag-vl01pl001-es","22":"product_tag-vl01pl010-es","23":"product_tag-wavelock-es","25":"first","26":"instock","27":"product-type-simple","28":"prodpage-classic"},"yoast_head":"<!-- This site is optimized with the Yoast SEO plugin v27.4 - https:\/\/yoast.com\/product\/yoast-seo-wordpress\/ -->\n<title>PLYSU TRAJES DE AIRE - H\u00fctter Veiligheid B.V.<\/title>\n<meta name=\"description\" content=\"Los trajes de aire Plysu son trajes ventilados herm\u00e9ticos al gas y ofrecen una protecci\u00f3n \u00f3ptima contra gases t\u00f3xicos y otras sustancias peligrosas para la salud.\" \/>\n<meta name=\"robots\" content=\"index, follow, max-snippet:-1, max-image-preview:large, max-video-preview:-1\" \/>\n<link rel=\"canonical\" href=\"https:\/\/www.hutter.nl\/es\/winkel\/gama\/epi-diversos\/trajes-ventilados\/plysu-trajes-de-aire\/\" \/>\n<meta property=\"og:locale\" content=\"es_ES\" \/>\n<meta property=\"og:type\" content=\"article\" \/>\n<meta property=\"og:title\" content=\"PLYSU TRAJES DE AIRE - H\u00fctter Veiligheid B.V.\" \/>\n<meta property=\"og:description\" content=\"Los trajes de aire Plysu son trajes ventilados herm\u00e9ticos al gas y ofrecen una protecci\u00f3n \u00f3ptima contra gases t\u00f3xicos y otras sustancias peligrosas para la salud.\" \/>\n<meta property=\"og:url\" content=\"https:\/\/www.hutter.nl\/es\/winkel\/gama\/epi-diversos\/trajes-ventilados\/plysu-trajes-de-aire\/\" \/>\n<meta property=\"og:site_name\" content=\"H\u00fctter Veiligheid B.V.\" \/>\n<meta property=\"article:modified_time\" content=\"2025-08-28T07:39:15+00:00\" \/>\n<meta property=\"og:image\" content=\"https:\/\/www.hutter.nl\/wp-content\/uploads\/2016\/PBM\/Adembescherming\/Luchtpakken\/PLYSU-Luchtpakken.jpg\" \/>\n\t<meta property=\"og:image:width\" content=\"370\" \/>\n\t<meta property=\"og:image:height\" content=\"370\" \/>\n\t<meta property=\"og:image:type\" content=\"image\/jpeg\" \/>\n<meta name=\"twitter:card\" content=\"summary_large_image\" \/>\n<meta name=\"twitter:site\" content=\"@hutter_safety\" \/>\n<meta name=\"twitter:label1\" content=\"Tiempo de lectura\" \/>\n\t<meta name=\"twitter:data1\" content=\"2 minutos\" \/>\n<script type=\"application\/ld+json\" class=\"yoast-schema-graph\">{\"@context\":\"https:\\\/\\\/schema.org\",\"@graph\":[{\"@type\":\"WebPage\",\"@id\":\"https:\\\/\\\/www.hutter.nl\\\/es\\\/winkel\\\/gama\\\/epi-diversos\\\/trajes-ventilados\\\/plysu-trajes-de-aire\\\/\",\"url\":\"https:\\\/\\\/www.hutter.nl\\\/es\\\/winkel\\\/gama\\\/epi-diversos\\\/trajes-ventilados\\\/plysu-trajes-de-aire\\\/\",\"name\":\"PLYSU TRAJES DE AIRE - H\u00fctter Veiligheid B.V.\",\"isPartOf\":{\"@id\":\"https:\\\/\\\/www.hutter.nl\\\/#website\"},\"primaryImageOfPage\":{\"@id\":\"https:\\\/\\\/www.hutter.nl\\\/es\\\/winkel\\\/gama\\\/epi-diversos\\\/trajes-ventilados\\\/plysu-trajes-de-aire\\\/#primaryimage\"},\"image\":{\"@id\":\"https:\\\/\\\/www.hutter.nl\\\/es\\\/winkel\\\/gama\\\/epi-diversos\\\/trajes-ventilados\\\/plysu-trajes-de-aire\\\/#primaryimage\"},\"thumbnailUrl\":\"https:\\\/\\\/www.hutter.nl\\\/wp-content\\\/uploads\\\/2016\\\/PBM\\\/Adembescherming\\\/Luchtpakken\\\/PLYSU-Luchtpakken.jpg\",\"datePublished\":\"2016-05-31T15:17:10+00:00\",\"dateModified\":\"2025-08-28T07:39:15+00:00\",\"description\":\"Los trajes de aire Plysu son trajes ventilados herm\u00e9ticos al gas y ofrecen una protecci\u00f3n \u00f3ptima contra gases t\u00f3xicos y otras sustancias peligrosas para la salud.\",\"breadcrumb\":{\"@id\":\"https:\\\/\\\/www.hutter.nl\\\/es\\\/winkel\\\/gama\\\/epi-diversos\\\/trajes-ventilados\\\/plysu-trajes-de-aire\\\/#breadcrumb\"},\"inLanguage\":\"es\",\"potentialAction\":[{\"@type\":\"ReadAction\",\"target\":[\"https:\\\/\\\/www.hutter.nl\\\/es\\\/winkel\\\/gama\\\/epi-diversos\\\/trajes-ventilados\\\/plysu-trajes-de-aire\\\/\"]}]},{\"@type\":\"ImageObject\",\"inLanguage\":\"es\",\"@id\":\"https:\\\/\\\/www.hutter.nl\\\/es\\\/winkel\\\/gama\\\/epi-diversos\\\/trajes-ventilados\\\/plysu-trajes-de-aire\\\/#primaryimage\",\"url\":\"https:\\\/\\\/www.hutter.nl\\\/wp-content\\\/uploads\\\/2016\\\/PBM\\\/Adembescherming\\\/Luchtpakken\\\/PLYSU-Luchtpakken.jpg\",\"contentUrl\":\"https:\\\/\\\/www.hutter.nl\\\/wp-content\\\/uploads\\\/2016\\\/PBM\\\/Adembescherming\\\/Luchtpakken\\\/PLYSU-Luchtpakken.jpg\",\"width\":370,\"height\":370,\"caption\":\"PLYSU TRAJES DE AIRE\"},{\"@type\":\"BreadcrumbList\",\"@id\":\"https:\\\/\\\/www.hutter.nl\\\/es\\\/winkel\\\/gama\\\/epi-diversos\\\/trajes-ventilados\\\/plysu-trajes-de-aire\\\/#breadcrumb\",\"itemListElement\":[{\"@type\":\"ListItem\",\"position\":1,\"name\":\"Home\",\"item\":\"https:\\\/\\\/www.hutter.nl\\\/es\\\/\"},{\"@type\":\"ListItem\",\"position\":2,\"name\":\"Winkel\",\"item\":\"https:\\\/\\\/www.hutter.nl\\\/winkel\\\/\"},{\"@type\":\"ListItem\",\"position\":3,\"name\":\"PLYSU TRAJES DE AIRE\"}]},{\"@type\":\"WebSite\",\"@id\":\"https:\\\/\\\/www.hutter.nl\\\/#website\",\"url\":\"https:\\\/\\\/www.hutter.nl\\\/\",\"name\":\"H\u00fctter Safety\",\"description\":\"Specialist in arbeidsveiligheid sinds 1909\",\"publisher\":{\"@id\":\"https:\\\/\\\/www.hutter.nl\\\/#organization\"},\"potentialAction\":[{\"@type\":\"SearchAction\",\"target\":{\"@type\":\"EntryPoint\",\"urlTemplate\":\"https:\\\/\\\/www.hutter.nl\\\/?s={search_term_string}\"},\"query-input\":{\"@type\":\"PropertyValueSpecification\",\"valueRequired\":true,\"valueName\":\"search_term_string\"}}],\"inLanguage\":\"es\"},{\"@type\":\"Organization\",\"@id\":\"https:\\\/\\\/www.hutter.nl\\\/#organization\",\"name\":\"H\u00fctter Veiligheid B.V.\",\"url\":\"https:\\\/\\\/www.hutter.nl\\\/\",\"logo\":{\"@type\":\"ImageObject\",\"inLanguage\":\"es\",\"@id\":\"https:\\\/\\\/www.hutter.nl\\\/#\\\/schema\\\/logo\\\/image\\\/\",\"url\":\"https:\\\/\\\/www.hutter.nl\\\/wp-content\\\/uploads\\\/2016\\\/10\\\/Hutter_Veiligheid_logo-email.png\",\"contentUrl\":\"https:\\\/\\\/www.hutter.nl\\\/wp-content\\\/uploads\\\/2016\\\/10\\\/Hutter_Veiligheid_logo-email.png\",\"width\":150,\"height\":104,\"caption\":\"H\u00fctter Veiligheid B.V.\"},\"image\":{\"@id\":\"https:\\\/\\\/www.hutter.nl\\\/#\\\/schema\\\/logo\\\/image\\\/\"},\"sameAs\":[\"https:\\\/\\\/x.com\\\/hutter_safety\",\"https:\\\/\\\/www.linkedin.com\\\/company\\\/h\u00fctter-veiligheid-bv?trk=company_logo\"]}]}<\/script>\n<!-- \/ Yoast SEO plugin. -->","yoast_head_json":{"title":"PLYSU TRAJES DE AIRE - H\u00fctter Veiligheid B.V.","description":"Los trajes de aire Plysu son trajes ventilados herm\u00e9ticos al gas y ofrecen una protecci\u00f3n \u00f3ptima contra gases t\u00f3xicos y otras sustancias peligrosas para la salud.","robots":{"index":"index","follow":"follow","max-snippet":"max-snippet:-1","max-image-preview":"max-image-preview:large","max-video-preview":"max-video-preview:-1"},"canonical":"https:\/\/www.hutter.nl\/es\/winkel\/gama\/epi-diversos\/trajes-ventilados\/plysu-trajes-de-aire\/","og_locale":"es_ES","og_type":"article","og_title":"PLYSU TRAJES DE AIRE - H\u00fctter Veiligheid B.V.","og_description":"Los trajes de aire Plysu son trajes ventilados herm\u00e9ticos al gas y ofrecen una protecci\u00f3n \u00f3ptima contra gases t\u00f3xicos y otras sustancias peligrosas para la salud.","og_url":"https:\/\/www.hutter.nl\/es\/winkel\/gama\/epi-diversos\/trajes-ventilados\/plysu-trajes-de-aire\/","og_site_name":"H\u00fctter Veiligheid B.V.","article_modified_time":"2025-08-28T07:39:15+00:00","og_image":[{"width":370,"height":370,"url":"https:\/\/www.hutter.nl\/wp-content\/uploads\/2016\/PBM\/Adembescherming\/Luchtpakken\/PLYSU-Luchtpakken.jpg","type":"image\/jpeg"}],"twitter_card":"summary_large_image","twitter_site":"@hutter_safety","twitter_misc":{"Tiempo de lectura":"2 minutos"},"schema":{"@context":"https:\/\/schema.org","@graph":[{"@type":"WebPage","@id":"https:\/\/www.hutter.nl\/es\/winkel\/gama\/epi-diversos\/trajes-ventilados\/plysu-trajes-de-aire\/","url":"https:\/\/www.hutter.nl\/es\/winkel\/gama\/epi-diversos\/trajes-ventilados\/plysu-trajes-de-aire\/","name":"PLYSU TRAJES DE AIRE - H\u00fctter Veiligheid B.V.","isPartOf":{"@id":"https:\/\/www.hutter.nl\/#website"},"primaryImageOfPage":{"@id":"https:\/\/www.hutter.nl\/es\/winkel\/gama\/epi-diversos\/trajes-ventilados\/plysu-trajes-de-aire\/#primaryimage"},"image":{"@id":"https:\/\/www.hutter.nl\/es\/winkel\/gama\/epi-diversos\/trajes-ventilados\/plysu-trajes-de-aire\/#primaryimage"},"thumbnailUrl":"https:\/\/www.hutter.nl\/wp-content\/uploads\/2016\/PBM\/Adembescherming\/Luchtpakken\/PLYSU-Luchtpakken.jpg","datePublished":"2016-05-31T15:17:10+00:00","dateModified":"2025-08-28T07:39:15+00:00","description":"Los trajes de aire Plysu son trajes ventilados herm\u00e9ticos al gas y ofrecen una protecci\u00f3n \u00f3ptima contra gases t\u00f3xicos y otras sustancias peligrosas para la salud.","breadcrumb":{"@id":"https:\/\/www.hutter.nl\/es\/winkel\/gama\/epi-diversos\/trajes-ventilados\/plysu-trajes-de-aire\/#breadcrumb"},"inLanguage":"es","potentialAction":[{"@type":"ReadAction","target":["https:\/\/www.hutter.nl\/es\/winkel\/gama\/epi-diversos\/trajes-ventilados\/plysu-trajes-de-aire\/"]}]},{"@type":"ImageObject","inLanguage":"es","@id":"https:\/\/www.hutter.nl\/es\/winkel\/gama\/epi-diversos\/trajes-ventilados\/plysu-trajes-de-aire\/#primaryimage","url":"https:\/\/www.hutter.nl\/wp-content\/uploads\/2016\/PBM\/Adembescherming\/Luchtpakken\/PLYSU-Luchtpakken.jpg","contentUrl":"https:\/\/www.hutter.nl\/wp-content\/uploads\/2016\/PBM\/Adembescherming\/Luchtpakken\/PLYSU-Luchtpakken.jpg","width":370,"height":370,"caption":"PLYSU TRAJES DE AIRE"},{"@type":"BreadcrumbList","@id":"https:\/\/www.hutter.nl\/es\/winkel\/gama\/epi-diversos\/trajes-ventilados\/plysu-trajes-de-aire\/#breadcrumb","itemListElement":[{"@type":"ListItem","position":1,"name":"Home","item":"https:\/\/www.hutter.nl\/es\/"},{"@type":"ListItem","position":2,"name":"Winkel","item":"https:\/\/www.hutter.nl\/winkel\/"},{"@type":"ListItem","position":3,"name":"PLYSU TRAJES DE AIRE"}]},{"@type":"WebSite","@id":"https:\/\/www.hutter.nl\/#website","url":"https:\/\/www.hutter.nl\/","name":"H\u00fctter Safety","description":"Specialist in arbeidsveiligheid sinds 1909","publisher":{"@id":"https:\/\/www.hutter.nl\/#organization"},"potentialAction":[{"@type":"SearchAction","target":{"@type":"EntryPoint","urlTemplate":"https:\/\/www.hutter.nl\/?s={search_term_string}"},"query-input":{"@type":"PropertyValueSpecification","valueRequired":true,"valueName":"search_term_string"}}],"inLanguage":"es"},{"@type":"Organization","@id":"https:\/\/www.hutter.nl\/#organization","name":"H\u00fctter Veiligheid B.V.","url":"https:\/\/www.hutter.nl\/","logo":{"@type":"ImageObject","inLanguage":"es","@id":"https:\/\/www.hutter.nl\/#\/schema\/logo\/image\/","url":"https:\/\/www.hutter.nl\/wp-content\/uploads\/2016\/10\/Hutter_Veiligheid_logo-email.png","contentUrl":"https:\/\/www.hutter.nl\/wp-content\/uploads\/2016\/10\/Hutter_Veiligheid_logo-email.png","width":150,"height":104,"caption":"H\u00fctter Veiligheid B.V."},"image":{"@id":"https:\/\/www.hutter.nl\/#\/schema\/logo\/image\/"},"sameAs":["https:\/\/x.com\/hutter_safety","https:\/\/www.linkedin.com\/company\/h\u00fctter-veiligheid-bv?trk=company_logo"]}]}},"_links":{"self":[{"href":"https:\/\/www.hutter.nl\/es\/wp-json\/wp\/v2\/product\/14731","targetHints":{"allow":["GET"]}}],"collection":[{"href":"https:\/\/www.hutter.nl\/es\/wp-json\/wp\/v2\/product"}],"about":[{"href":"https:\/\/www.hutter.nl\/es\/wp-json\/wp\/v2\/types\/product"}],"replies":[{"embeddable":true,"href":"https:\/\/www.hutter.nl\/es\/wp-json\/wp\/v2\/comments?post=14731"}],"wp:featuredmedia":[{"embeddable":true,"href":"https:\/\/www.hutter.nl\/es\/wp-json\/wp\/v2\/media\/14732"}],"wp:attachment":[{"href":"https:\/\/www.hutter.nl\/es\/wp-json\/wp\/v2\/media?parent=14731"}],"wp:term":[{"taxonomy":"product_brand","embeddable":true,"href":"https:\/\/www.hutter.nl\/es\/wp-json\/wp\/v2\/product_brand?post=14731"},{"taxonomy":"product_cat","embeddable":true,"href":"https:\/\/www.hutter.nl\/es\/wp-json\/wp\/v2\/product_cat?post=14731"},{"taxonomy":"product_tag","embeddable":true,"href":"https:\/\/www.hutter.nl\/es\/wp-json\/wp\/v2\/product_tag?post=14731"}],"curies":[{"name":"wp","href":"https:\/\/api.w.org\/{rel}","templated":true}]}}