{"id":14734,"date":"2016-05-31T17:17:10","date_gmt":"2016-05-31T15:17:10","guid":{"rendered":"https:\/\/www.hutter.nl\/catalogue\/sin categor\u00eda\/product\/campanas-de-aire-plysu\/"},"modified":"2016-05-31T17:17:10","modified_gmt":"2016-05-31T15:17:10","slug":"campanas-de-aire-plysu","status":"publish","type":"product","link":"https:\/\/www.hutter.nl\/es\/winkel\/gama\/epi-diversos\/trajes-ventilados\/campanas-de-aire-plysu\/","title":{"rendered":"CAMPANAS DE AIRE PLYSU"},"content":{"rendered":"<p data-start=\"50\" data-end=\"596\">Estas c\u00f3modas campanas de aire Plysu son una soluci\u00f3n excelente cuando se desea protecci\u00f3n respiratoria independiente, protecci\u00f3n facial y refrigeraci\u00f3n. La campana est\u00e1 fabricada en PVC \u00f3pticamente transparente y ofrece un campo de visi\u00f3n muy amplio. La parte de los hombros es de Wavelock, flexible y ligera. La entrada de aire se encuentra en la parte posterior de la campana y despu\u00e9s el aire se dirige a lo largo de la pantalla. Esto no solo proporciona un flujo de aire c\u00f3modo, sino que tambi\u00e9n evita la posible formaci\u00f3n de condensaci\u00f3n.<\/p>\n<p data-start=\"598\" data-end=\"1090\">El aire se evac\u00faa a trav\u00e9s de dos v\u00e1lvulas de salida con v\u00e1lvulas antirretorno. La campana se utiliza en combinaci\u00f3n con el cintur\u00f3n de aire (no incluido). El cintur\u00f3n del airbelt se ajusta f\u00e1cilmente a cualquier longitud mediante corchetes a presi\u00f3n. Al distribuidor de aire est\u00e1n conectadas dos mangueras: una manguera corta con rosca macho de 1\/4\u201d para acoplar la manguera de suministro de aire y otra manguera con silenciador, que se enrosca en la parte posterior de la campana de aire.<\/p>\n","protected":false},"excerpt":{"rendered":"<p data-start=\"50\" data-end=\"369\">Esta c\u00f3moda campana de aire fresco es una soluci\u00f3n excelente cuando se desea protecci\u00f3n respiratoria independiente, protecci\u00f3n facial y refrigeraci\u00f3n. La campana est\u00e1 fabricada en PVC \u00f3pticamente transparente y ofrece un campo de visi\u00f3n muy amplio. La campana de aire est\u00e1 disponible en materiales Wavelock y Hypalon.<\/p>\n<p data-start=\"371\" data-end=\"445\">Muy c\u00f3moda<br data-start=\"381\" data-end=\"384\" \/>Flexible y ligera<br data-start=\"401\" data-end=\"404\" \/>Campana de PVC \u00f3pticamente transparente<\/p>\n<p data-start=\"447\" data-end=\"483\" data-is-last-node=\"\" data-is-only-node=\"\">Factor de protecci\u00f3n nominal: 2000<\/p>\n","protected":false},"featured_media":14735,"comment_status":"closed","ping_status":"closed","template":"","meta":[],"product_brand":[],"product_cat":[3242,3310],"product_tag":[3342,2896,2898,3341,3345,3304,1380,3343,3344,3323],"class_list":{"0":"post-14734","1":"product","2":"type-product","3":"status-publish","4":"has-post-thumbnail","6":"product_cat-gama","7":"product_cat-trajes-ventilados","8":"product_tag-factor-de-proteccion-nominal-2000","9":"product_tag-hoofddorp-es","10":"product_tag-hutter-veiligheid-b-v-es","11":"product_tag-hypalon-es","12":"product_tag-proteccion-facial","13":"product_tag-proteccion-respiratoria","14":"product_tag-pvc-es","15":"product_tag-vl01pl221-es","16":"product_tag-vl01pl223-es","17":"product_tag-wavelock-es","19":"first","20":"instock","21":"product-type-simple","22":"prodpage-classic"},"yoast_head":"<!-- This site is optimized with the Yoast SEO plugin v27.4 - https:\/\/yoast.com\/product\/yoast-seo-wordpress\/ -->\n<title>CAMPANAS DE AIRE PLYSU - H\u00fctter Veiligheid B.V.<\/title>\n<meta name=\"description\" content=\"Estas c\u00f3modas campanas de aire fresco Plysu son una excelente soluci\u00f3n cuando se desea protecci\u00f3n respiratoria independiente, protecci\u00f3n facial y refrigeraci\u00f3n.\" \/>\n<meta name=\"robots\" content=\"index, follow, max-snippet:-1, max-image-preview:large, max-video-preview:-1\" \/>\n<link rel=\"canonical\" href=\"https:\/\/www.hutter.nl\/es\/winkel\/gama\/epi-diversos\/trajes-ventilados\/campanas-de-aire-plysu\/\" \/>\n<meta property=\"og:locale\" content=\"es_ES\" \/>\n<meta property=\"og:type\" content=\"article\" \/>\n<meta property=\"og:title\" content=\"CAMPANAS DE AIRE PLYSU - H\u00fctter Veiligheid B.V.\" \/>\n<meta property=\"og:description\" content=\"Estas c\u00f3modas campanas de aire fresco Plysu son una excelente soluci\u00f3n cuando se desea protecci\u00f3n respiratoria independiente, protecci\u00f3n facial y refrigeraci\u00f3n.\" \/>\n<meta property=\"og:url\" content=\"https:\/\/www.hutter.nl\/es\/winkel\/gama\/epi-diversos\/trajes-ventilados\/campanas-de-aire-plysu\/\" \/>\n<meta property=\"og:site_name\" content=\"H\u00fctter Veiligheid B.V.\" \/>\n<meta property=\"og:image\" content=\"https:\/\/www.hutter.nl\/wp-content\/uploads\/2016\/PBM\/Adembescherming\/Luchtpakken\/Luchtkappen.jpg\" \/>\n\t<meta property=\"og:image:width\" content=\"370\" \/>\n\t<meta property=\"og:image:height\" content=\"370\" \/>\n\t<meta property=\"og:image:type\" content=\"image\/jpeg\" \/>\n<meta name=\"twitter:card\" content=\"summary_large_image\" \/>\n<meta name=\"twitter:site\" content=\"@hutter_safety\" \/>\n<meta name=\"twitter:label1\" content=\"Tiempo de lectura\" \/>\n\t<meta name=\"twitter:data1\" content=\"1 minuto\" \/>\n<script type=\"application\/ld+json\" class=\"yoast-schema-graph\">{\"@context\":\"https:\\\/\\\/schema.org\",\"@graph\":[{\"@type\":\"WebPage\",\"@id\":\"https:\\\/\\\/www.hutter.nl\\\/es\\\/winkel\\\/gama\\\/epi-diversos\\\/trajes-ventilados\\\/campanas-de-aire-plysu\\\/\",\"url\":\"https:\\\/\\\/www.hutter.nl\\\/es\\\/winkel\\\/gama\\\/epi-diversos\\\/trajes-ventilados\\\/campanas-de-aire-plysu\\\/\",\"name\":\"CAMPANAS DE AIRE PLYSU - H\u00fctter Veiligheid B.V.\",\"isPartOf\":{\"@id\":\"https:\\\/\\\/www.hutter.nl\\\/#website\"},\"primaryImageOfPage\":{\"@id\":\"https:\\\/\\\/www.hutter.nl\\\/es\\\/winkel\\\/gama\\\/epi-diversos\\\/trajes-ventilados\\\/campanas-de-aire-plysu\\\/#primaryimage\"},\"image\":{\"@id\":\"https:\\\/\\\/www.hutter.nl\\\/es\\\/winkel\\\/gama\\\/epi-diversos\\\/trajes-ventilados\\\/campanas-de-aire-plysu\\\/#primaryimage\"},\"thumbnailUrl\":\"https:\\\/\\\/www.hutter.nl\\\/wp-content\\\/uploads\\\/2016\\\/PBM\\\/Adembescherming\\\/Luchtpakken\\\/Luchtkappen.jpg\",\"datePublished\":\"2016-05-31T15:17:10+00:00\",\"description\":\"Estas c\u00f3modas campanas de aire fresco Plysu son una excelente soluci\u00f3n cuando se desea protecci\u00f3n respiratoria independiente, protecci\u00f3n facial y refrigeraci\u00f3n.\",\"breadcrumb\":{\"@id\":\"https:\\\/\\\/www.hutter.nl\\\/es\\\/winkel\\\/gama\\\/epi-diversos\\\/trajes-ventilados\\\/campanas-de-aire-plysu\\\/#breadcrumb\"},\"inLanguage\":\"es\",\"potentialAction\":[{\"@type\":\"ReadAction\",\"target\":[\"https:\\\/\\\/www.hutter.nl\\\/es\\\/winkel\\\/gama\\\/epi-diversos\\\/trajes-ventilados\\\/campanas-de-aire-plysu\\\/\"]}]},{\"@type\":\"ImageObject\",\"inLanguage\":\"es\",\"@id\":\"https:\\\/\\\/www.hutter.nl\\\/es\\\/winkel\\\/gama\\\/epi-diversos\\\/trajes-ventilados\\\/campanas-de-aire-plysu\\\/#primaryimage\",\"url\":\"https:\\\/\\\/www.hutter.nl\\\/wp-content\\\/uploads\\\/2016\\\/PBM\\\/Adembescherming\\\/Luchtpakken\\\/Luchtkappen.jpg\",\"contentUrl\":\"https:\\\/\\\/www.hutter.nl\\\/wp-content\\\/uploads\\\/2016\\\/PBM\\\/Adembescherming\\\/Luchtpakken\\\/Luchtkappen.jpg\",\"width\":370,\"height\":370,\"caption\":\"CAMPANAS DE AIRE PLYSU\"},{\"@type\":\"BreadcrumbList\",\"@id\":\"https:\\\/\\\/www.hutter.nl\\\/es\\\/winkel\\\/gama\\\/epi-diversos\\\/trajes-ventilados\\\/campanas-de-aire-plysu\\\/#breadcrumb\",\"itemListElement\":[{\"@type\":\"ListItem\",\"position\":1,\"name\":\"Home\",\"item\":\"https:\\\/\\\/www.hutter.nl\\\/es\\\/\"},{\"@type\":\"ListItem\",\"position\":2,\"name\":\"Winkel\",\"item\":\"https:\\\/\\\/www.hutter.nl\\\/winkel\\\/\"},{\"@type\":\"ListItem\",\"position\":3,\"name\":\"CAMPANAS DE AIRE PLYSU\"}]},{\"@type\":\"WebSite\",\"@id\":\"https:\\\/\\\/www.hutter.nl\\\/#website\",\"url\":\"https:\\\/\\\/www.hutter.nl\\\/\",\"name\":\"H\u00fctter Safety\",\"description\":\"Specialist in arbeidsveiligheid sinds 1909\",\"publisher\":{\"@id\":\"https:\\\/\\\/www.hutter.nl\\\/#organization\"},\"potentialAction\":[{\"@type\":\"SearchAction\",\"target\":{\"@type\":\"EntryPoint\",\"urlTemplate\":\"https:\\\/\\\/www.hutter.nl\\\/?s={search_term_string}\"},\"query-input\":{\"@type\":\"PropertyValueSpecification\",\"valueRequired\":true,\"valueName\":\"search_term_string\"}}],\"inLanguage\":\"es\"},{\"@type\":\"Organization\",\"@id\":\"https:\\\/\\\/www.hutter.nl\\\/#organization\",\"name\":\"H\u00fctter Veiligheid B.V.\",\"url\":\"https:\\\/\\\/www.hutter.nl\\\/\",\"logo\":{\"@type\":\"ImageObject\",\"inLanguage\":\"es\",\"@id\":\"https:\\\/\\\/www.hutter.nl\\\/#\\\/schema\\\/logo\\\/image\\\/\",\"url\":\"https:\\\/\\\/www.hutter.nl\\\/wp-content\\\/uploads\\\/2016\\\/10\\\/Hutter_Veiligheid_logo-email.png\",\"contentUrl\":\"https:\\\/\\\/www.hutter.nl\\\/wp-content\\\/uploads\\\/2016\\\/10\\\/Hutter_Veiligheid_logo-email.png\",\"width\":150,\"height\":104,\"caption\":\"H\u00fctter Veiligheid B.V.\"},\"image\":{\"@id\":\"https:\\\/\\\/www.hutter.nl\\\/#\\\/schema\\\/logo\\\/image\\\/\"},\"sameAs\":[\"https:\\\/\\\/x.com\\\/hutter_safety\",\"https:\\\/\\\/www.linkedin.com\\\/company\\\/h\u00fctter-veiligheid-bv?trk=company_logo\"]}]}<\/script>\n<!-- \/ Yoast SEO plugin. -->","yoast_head_json":{"title":"CAMPANAS DE AIRE PLYSU - H\u00fctter Veiligheid B.V.","description":"Estas c\u00f3modas campanas de aire fresco Plysu son una excelente soluci\u00f3n cuando se desea protecci\u00f3n respiratoria independiente, protecci\u00f3n facial y refrigeraci\u00f3n.","robots":{"index":"index","follow":"follow","max-snippet":"max-snippet:-1","max-image-preview":"max-image-preview:large","max-video-preview":"max-video-preview:-1"},"canonical":"https:\/\/www.hutter.nl\/es\/winkel\/gama\/epi-diversos\/trajes-ventilados\/campanas-de-aire-plysu\/","og_locale":"es_ES","og_type":"article","og_title":"CAMPANAS DE AIRE PLYSU - H\u00fctter Veiligheid B.V.","og_description":"Estas c\u00f3modas campanas de aire fresco Plysu son una excelente soluci\u00f3n cuando se desea protecci\u00f3n respiratoria independiente, protecci\u00f3n facial y refrigeraci\u00f3n.","og_url":"https:\/\/www.hutter.nl\/es\/winkel\/gama\/epi-diversos\/trajes-ventilados\/campanas-de-aire-plysu\/","og_site_name":"H\u00fctter Veiligheid B.V.","og_image":[{"width":370,"height":370,"url":"https:\/\/www.hutter.nl\/wp-content\/uploads\/2016\/PBM\/Adembescherming\/Luchtpakken\/Luchtkappen.jpg","type":"image\/jpeg"}],"twitter_card":"summary_large_image","twitter_site":"@hutter_safety","twitter_misc":{"Tiempo de lectura":"1 minuto"},"schema":{"@context":"https:\/\/schema.org","@graph":[{"@type":"WebPage","@id":"https:\/\/www.hutter.nl\/es\/winkel\/gama\/epi-diversos\/trajes-ventilados\/campanas-de-aire-plysu\/","url":"https:\/\/www.hutter.nl\/es\/winkel\/gama\/epi-diversos\/trajes-ventilados\/campanas-de-aire-plysu\/","name":"CAMPANAS DE AIRE PLYSU - H\u00fctter Veiligheid B.V.","isPartOf":{"@id":"https:\/\/www.hutter.nl\/#website"},"primaryImageOfPage":{"@id":"https:\/\/www.hutter.nl\/es\/winkel\/gama\/epi-diversos\/trajes-ventilados\/campanas-de-aire-plysu\/#primaryimage"},"image":{"@id":"https:\/\/www.hutter.nl\/es\/winkel\/gama\/epi-diversos\/trajes-ventilados\/campanas-de-aire-plysu\/#primaryimage"},"thumbnailUrl":"https:\/\/www.hutter.nl\/wp-content\/uploads\/2016\/PBM\/Adembescherming\/Luchtpakken\/Luchtkappen.jpg","datePublished":"2016-05-31T15:17:10+00:00","description":"Estas c\u00f3modas campanas de aire fresco Plysu son una excelente soluci\u00f3n cuando se desea protecci\u00f3n respiratoria independiente, protecci\u00f3n facial y refrigeraci\u00f3n.","breadcrumb":{"@id":"https:\/\/www.hutter.nl\/es\/winkel\/gama\/epi-diversos\/trajes-ventilados\/campanas-de-aire-plysu\/#breadcrumb"},"inLanguage":"es","potentialAction":[{"@type":"ReadAction","target":["https:\/\/www.hutter.nl\/es\/winkel\/gama\/epi-diversos\/trajes-ventilados\/campanas-de-aire-plysu\/"]}]},{"@type":"ImageObject","inLanguage":"es","@id":"https:\/\/www.hutter.nl\/es\/winkel\/gama\/epi-diversos\/trajes-ventilados\/campanas-de-aire-plysu\/#primaryimage","url":"https:\/\/www.hutter.nl\/wp-content\/uploads\/2016\/PBM\/Adembescherming\/Luchtpakken\/Luchtkappen.jpg","contentUrl":"https:\/\/www.hutter.nl\/wp-content\/uploads\/2016\/PBM\/Adembescherming\/Luchtpakken\/Luchtkappen.jpg","width":370,"height":370,"caption":"CAMPANAS DE AIRE PLYSU"},{"@type":"BreadcrumbList","@id":"https:\/\/www.hutter.nl\/es\/winkel\/gama\/epi-diversos\/trajes-ventilados\/campanas-de-aire-plysu\/#breadcrumb","itemListElement":[{"@type":"ListItem","position":1,"name":"Home","item":"https:\/\/www.hutter.nl\/es\/"},{"@type":"ListItem","position":2,"name":"Winkel","item":"https:\/\/www.hutter.nl\/winkel\/"},{"@type":"ListItem","position":3,"name":"CAMPANAS DE AIRE PLYSU"}]},{"@type":"WebSite","@id":"https:\/\/www.hutter.nl\/#website","url":"https:\/\/www.hutter.nl\/","name":"H\u00fctter Safety","description":"Specialist in arbeidsveiligheid sinds 1909","publisher":{"@id":"https:\/\/www.hutter.nl\/#organization"},"potentialAction":[{"@type":"SearchAction","target":{"@type":"EntryPoint","urlTemplate":"https:\/\/www.hutter.nl\/?s={search_term_string}"},"query-input":{"@type":"PropertyValueSpecification","valueRequired":true,"valueName":"search_term_string"}}],"inLanguage":"es"},{"@type":"Organization","@id":"https:\/\/www.hutter.nl\/#organization","name":"H\u00fctter Veiligheid B.V.","url":"https:\/\/www.hutter.nl\/","logo":{"@type":"ImageObject","inLanguage":"es","@id":"https:\/\/www.hutter.nl\/#\/schema\/logo\/image\/","url":"https:\/\/www.hutter.nl\/wp-content\/uploads\/2016\/10\/Hutter_Veiligheid_logo-email.png","contentUrl":"https:\/\/www.hutter.nl\/wp-content\/uploads\/2016\/10\/Hutter_Veiligheid_logo-email.png","width":150,"height":104,"caption":"H\u00fctter Veiligheid B.V."},"image":{"@id":"https:\/\/www.hutter.nl\/#\/schema\/logo\/image\/"},"sameAs":["https:\/\/x.com\/hutter_safety","https:\/\/www.linkedin.com\/company\/h\u00fctter-veiligheid-bv?trk=company_logo"]}]}},"_links":{"self":[{"href":"https:\/\/www.hutter.nl\/es\/wp-json\/wp\/v2\/product\/14734","targetHints":{"allow":["GET"]}}],"collection":[{"href":"https:\/\/www.hutter.nl\/es\/wp-json\/wp\/v2\/product"}],"about":[{"href":"https:\/\/www.hutter.nl\/es\/wp-json\/wp\/v2\/types\/product"}],"replies":[{"embeddable":true,"href":"https:\/\/www.hutter.nl\/es\/wp-json\/wp\/v2\/comments?post=14734"}],"wp:featuredmedia":[{"embeddable":true,"href":"https:\/\/www.hutter.nl\/es\/wp-json\/wp\/v2\/media\/14735"}],"wp:attachment":[{"href":"https:\/\/www.hutter.nl\/es\/wp-json\/wp\/v2\/media?parent=14734"}],"wp:term":[{"taxonomy":"product_brand","embeddable":true,"href":"https:\/\/www.hutter.nl\/es\/wp-json\/wp\/v2\/product_brand?post=14734"},{"taxonomy":"product_cat","embeddable":true,"href":"https:\/\/www.hutter.nl\/es\/wp-json\/wp\/v2\/product_cat?post=14734"},{"taxonomy":"product_tag","embeddable":true,"href":"https:\/\/www.hutter.nl\/es\/wp-json\/wp\/v2\/product_tag?post=14734"}],"curies":[{"name":"wp","href":"https:\/\/api.w.org\/{rel}","templated":true}]}}