{"id":14736,"date":"2016-05-31T17:17:10","date_gmt":"2016-05-31T15:17:10","guid":{"rendered":"https:\/\/www.hutter.nl\/catalogue\/sin categor\u00eda\/product\/medios-trajes-plysu\/"},"modified":"2016-05-31T17:17:10","modified_gmt":"2016-05-31T15:17:10","slug":"medios-trajes-plysu","status":"publish","type":"product","link":"https:\/\/www.hutter.nl\/es\/winkel\/gama\/epi-diversos\/trajes-ventilados\/medios-trajes-plysu\/","title":{"rendered":"MEDIOS TRAJES PLYSU"},"content":{"rendered":"<p data-start=\"50\" data-end=\"857\">Para la protecci\u00f3n respiratoria en combinaci\u00f3n con la protecci\u00f3n de la parte superior del cuerpo contra la influencia de sustancias o productos qu\u00edmicos, los medios trajes Plysu son una buena soluci\u00f3n. La base es la misma que la de la campana de aire fresco, pero ampliada con una blusa de Wavelock o Duraskin que llega hasta por debajo de la cintura. El cintur\u00f3n de aire se lleva sobre la blusa y la manguera del cintur\u00f3n se conecta a la toma del medio traje. El acoplamiento giratorio con silenciador se enrosca, al igual que en la campana de aire fresco, en la conexi\u00f3n. El aire se conduce a trav\u00e9s de la entrada hacia la campana, as\u00ed como hacia los brazos y la parte superior del cuerpo para refrigeraci\u00f3n. La evacuaci\u00f3n del vapor de agua y del calor se realiza a trav\u00e9s de dos v\u00e1lvulas de exhalaci\u00f3n.<\/p>\n<p data-start=\"859\" data-end=\"1618\">Para la protecci\u00f3n de estas v\u00e1lvulas se han fijado en el exterior tapas de ducha\/protecci\u00f3n. La cintura est\u00e1 provista de una goma el\u00e1stica soldada. En la abertura de las mangas se pueden fijar de manera herm\u00e9tica al aire y a los l\u00edquidos guantes de caucho, utilizando pu\u00f1os y juntas t\u00f3ricas disponibles por separado. El medio traje est\u00e1 disponible en tallas de la S a la XL. La cantidad m\u00ednima de aire es de 198 litros por minuto y la m\u00e1xima de 226 litros por minuto. Cuando el suministro de aire queda fuera de este rango, se activa autom\u00e1ticamente el silbato de advertencia. Limpie bien su medio traje despu\u00e9s de su uso, compruebe que todo est\u00e9 en orden y cu\u00e9lguelo en el colgador especial para trajes. Para ello, el traje cuenta con 3 puntos de fijaci\u00f3n.<\/p>\n<p>\u00a0&#8211; Muy c\u00f3modo<br data-start=\"1630\" data-end=\"1633\" \/>\u00a0&#8211; Flexible y ligero<br data-start=\"1650\" data-end=\"1653\" \/>\u00a0&#8211; Campana de PVC \u00f3pticamente transparente<\/p>\n","protected":false},"excerpt":{"rendered":"<p>Para la protecci\u00f3n respiratoria en combinaci\u00f3n con la protecci\u00f3n de la parte superior del cuerpo contra la influencia de sustancias o productos qu\u00edmicos, el medio traje de aire fresco es una buena soluci\u00f3n.<br \/>\nFactor de protecci\u00f3n nominal: 2.000<\/p>\n","protected":false},"featured_media":14737,"comment_status":"closed","ping_status":"closed","template":"","meta":[],"product_brand":[],"product_cat":[3242,3310],"product_tag":[3324,3342,2896,2898,3341,3347,3349,3348,3327,3346,3350,3351,3323],"class_list":{"0":"post-14736","1":"product","2":"type-product","3":"status-publish","4":"has-post-thumbnail","6":"product_cat-gama","7":"product_cat-trajes-ventilados","8":"product_tag-duraskin-es","9":"product_tag-factor-de-proteccion-nominal-2000","10":"product_tag-hoofddorp-es","11":"product_tag-hutter-veiligheid-b-v-es","12":"product_tag-hypalon-es","13":"product_tag-medios-trajes","14":"product_tag-silbato-de-advertencia","15":"product_tag-silenciador","16":"product_tag-valvulas-de-exhalacion","17":"product_tag-vl01pl017-es","18":"product_tag-vl01pl024-es","19":"product_tag-vl01pl030-es","20":"product_tag-wavelock-es","22":"first","23":"instock","24":"product-type-simple","25":"prodpage-classic"},"yoast_head":"<!-- This site is optimized with the Yoast SEO plugin v27.4 - https:\/\/yoast.com\/product\/yoast-seo-wordpress\/ -->\n<title>MEDIOS TRAJES PLYSU - H\u00fctter Veiligheid B.V.<\/title>\n<meta name=\"description\" content=\"Para la protecci\u00f3n respiratoria en combinaci\u00f3n con la protecci\u00f3n de la parte superior del cuerpo contra la influencia de sustancias o productos qu\u00edmicos, el medio traje Plysu es una buena soluci\u00f3n.\" \/>\n<meta name=\"robots\" content=\"index, follow, max-snippet:-1, max-image-preview:large, max-video-preview:-1\" \/>\n<link rel=\"canonical\" href=\"https:\/\/www.hutter.nl\/es\/winkel\/gama\/epi-diversos\/trajes-ventilados\/medios-trajes-plysu\/\" \/>\n<meta property=\"og:locale\" content=\"es_ES\" \/>\n<meta property=\"og:type\" content=\"article\" \/>\n<meta property=\"og:title\" content=\"MEDIOS TRAJES PLYSU - H\u00fctter Veiligheid B.V.\" \/>\n<meta property=\"og:description\" content=\"Para la protecci\u00f3n respiratoria en combinaci\u00f3n con la protecci\u00f3n de la parte superior del cuerpo contra la influencia de sustancias o productos qu\u00edmicos, el medio traje Plysu es una buena soluci\u00f3n.\" \/>\n<meta property=\"og:url\" content=\"https:\/\/www.hutter.nl\/es\/winkel\/gama\/epi-diversos\/trajes-ventilados\/medios-trajes-plysu\/\" \/>\n<meta property=\"og:site_name\" content=\"H\u00fctter Veiligheid B.V.\" \/>\n<meta property=\"og:image\" content=\"https:\/\/www.hutter.nl\/wp-content\/uploads\/2016\/PBM\/Adembescherming\/Luchtpakken\/Halfpakken.jpg\" \/>\n\t<meta property=\"og:image:width\" content=\"370\" \/>\n\t<meta property=\"og:image:height\" content=\"370\" \/>\n\t<meta property=\"og:image:type\" content=\"image\/jpeg\" \/>\n<meta name=\"twitter:card\" content=\"summary_large_image\" \/>\n<meta name=\"twitter:site\" content=\"@hutter_safety\" \/>\n<meta name=\"twitter:label1\" content=\"Tiempo de lectura\" \/>\n\t<meta name=\"twitter:data1\" content=\"2 minutos\" \/>\n<script type=\"application\/ld+json\" class=\"yoast-schema-graph\">{\"@context\":\"https:\\\/\\\/schema.org\",\"@graph\":[{\"@type\":\"WebPage\",\"@id\":\"https:\\\/\\\/www.hutter.nl\\\/es\\\/winkel\\\/gama\\\/epi-diversos\\\/trajes-ventilados\\\/medios-trajes-plysu\\\/\",\"url\":\"https:\\\/\\\/www.hutter.nl\\\/es\\\/winkel\\\/gama\\\/epi-diversos\\\/trajes-ventilados\\\/medios-trajes-plysu\\\/\",\"name\":\"MEDIOS TRAJES PLYSU - H\u00fctter Veiligheid B.V.\",\"isPartOf\":{\"@id\":\"https:\\\/\\\/www.hutter.nl\\\/#website\"},\"primaryImageOfPage\":{\"@id\":\"https:\\\/\\\/www.hutter.nl\\\/es\\\/winkel\\\/gama\\\/epi-diversos\\\/trajes-ventilados\\\/medios-trajes-plysu\\\/#primaryimage\"},\"image\":{\"@id\":\"https:\\\/\\\/www.hutter.nl\\\/es\\\/winkel\\\/gama\\\/epi-diversos\\\/trajes-ventilados\\\/medios-trajes-plysu\\\/#primaryimage\"},\"thumbnailUrl\":\"https:\\\/\\\/www.hutter.nl\\\/wp-content\\\/uploads\\\/2016\\\/PBM\\\/Adembescherming\\\/Luchtpakken\\\/Halfpakken.jpg\",\"datePublished\":\"2016-05-31T15:17:10+00:00\",\"description\":\"Para la protecci\u00f3n respiratoria en combinaci\u00f3n con la protecci\u00f3n de la parte superior del cuerpo contra la influencia de sustancias o productos qu\u00edmicos, el medio traje Plysu es una buena soluci\u00f3n.\",\"breadcrumb\":{\"@id\":\"https:\\\/\\\/www.hutter.nl\\\/es\\\/winkel\\\/gama\\\/epi-diversos\\\/trajes-ventilados\\\/medios-trajes-plysu\\\/#breadcrumb\"},\"inLanguage\":\"es\",\"potentialAction\":[{\"@type\":\"ReadAction\",\"target\":[\"https:\\\/\\\/www.hutter.nl\\\/es\\\/winkel\\\/gama\\\/epi-diversos\\\/trajes-ventilados\\\/medios-trajes-plysu\\\/\"]}]},{\"@type\":\"ImageObject\",\"inLanguage\":\"es\",\"@id\":\"https:\\\/\\\/www.hutter.nl\\\/es\\\/winkel\\\/gama\\\/epi-diversos\\\/trajes-ventilados\\\/medios-trajes-plysu\\\/#primaryimage\",\"url\":\"https:\\\/\\\/www.hutter.nl\\\/wp-content\\\/uploads\\\/2016\\\/PBM\\\/Adembescherming\\\/Luchtpakken\\\/Halfpakken.jpg\",\"contentUrl\":\"https:\\\/\\\/www.hutter.nl\\\/wp-content\\\/uploads\\\/2016\\\/PBM\\\/Adembescherming\\\/Luchtpakken\\\/Halfpakken.jpg\",\"width\":370,\"height\":370,\"caption\":\"MEDIOS TRAJES PLYSU\"},{\"@type\":\"BreadcrumbList\",\"@id\":\"https:\\\/\\\/www.hutter.nl\\\/es\\\/winkel\\\/gama\\\/epi-diversos\\\/trajes-ventilados\\\/medios-trajes-plysu\\\/#breadcrumb\",\"itemListElement\":[{\"@type\":\"ListItem\",\"position\":1,\"name\":\"Home\",\"item\":\"https:\\\/\\\/www.hutter.nl\\\/es\\\/\"},{\"@type\":\"ListItem\",\"position\":2,\"name\":\"Winkel\",\"item\":\"https:\\\/\\\/www.hutter.nl\\\/winkel\\\/\"},{\"@type\":\"ListItem\",\"position\":3,\"name\":\"MEDIOS TRAJES PLYSU\"}]},{\"@type\":\"WebSite\",\"@id\":\"https:\\\/\\\/www.hutter.nl\\\/#website\",\"url\":\"https:\\\/\\\/www.hutter.nl\\\/\",\"name\":\"H\u00fctter Safety\",\"description\":\"Specialist in arbeidsveiligheid sinds 1909\",\"publisher\":{\"@id\":\"https:\\\/\\\/www.hutter.nl\\\/#organization\"},\"potentialAction\":[{\"@type\":\"SearchAction\",\"target\":{\"@type\":\"EntryPoint\",\"urlTemplate\":\"https:\\\/\\\/www.hutter.nl\\\/?s={search_term_string}\"},\"query-input\":{\"@type\":\"PropertyValueSpecification\",\"valueRequired\":true,\"valueName\":\"search_term_string\"}}],\"inLanguage\":\"es\"},{\"@type\":\"Organization\",\"@id\":\"https:\\\/\\\/www.hutter.nl\\\/#organization\",\"name\":\"H\u00fctter Veiligheid B.V.\",\"url\":\"https:\\\/\\\/www.hutter.nl\\\/\",\"logo\":{\"@type\":\"ImageObject\",\"inLanguage\":\"es\",\"@id\":\"https:\\\/\\\/www.hutter.nl\\\/#\\\/schema\\\/logo\\\/image\\\/\",\"url\":\"https:\\\/\\\/www.hutter.nl\\\/wp-content\\\/uploads\\\/2016\\\/10\\\/Hutter_Veiligheid_logo-email.png\",\"contentUrl\":\"https:\\\/\\\/www.hutter.nl\\\/wp-content\\\/uploads\\\/2016\\\/10\\\/Hutter_Veiligheid_logo-email.png\",\"width\":150,\"height\":104,\"caption\":\"H\u00fctter Veiligheid B.V.\"},\"image\":{\"@id\":\"https:\\\/\\\/www.hutter.nl\\\/#\\\/schema\\\/logo\\\/image\\\/\"},\"sameAs\":[\"https:\\\/\\\/x.com\\\/hutter_safety\",\"https:\\\/\\\/www.linkedin.com\\\/company\\\/h\u00fctter-veiligheid-bv?trk=company_logo\"]}]}<\/script>\n<!-- \/ Yoast SEO plugin. -->","yoast_head_json":{"title":"MEDIOS TRAJES PLYSU - H\u00fctter Veiligheid B.V.","description":"Para la protecci\u00f3n respiratoria en combinaci\u00f3n con la protecci\u00f3n de la parte superior del cuerpo contra la influencia de sustancias o productos qu\u00edmicos, el medio traje Plysu es una buena soluci\u00f3n.","robots":{"index":"index","follow":"follow","max-snippet":"max-snippet:-1","max-image-preview":"max-image-preview:large","max-video-preview":"max-video-preview:-1"},"canonical":"https:\/\/www.hutter.nl\/es\/winkel\/gama\/epi-diversos\/trajes-ventilados\/medios-trajes-plysu\/","og_locale":"es_ES","og_type":"article","og_title":"MEDIOS TRAJES PLYSU - H\u00fctter Veiligheid B.V.","og_description":"Para la protecci\u00f3n respiratoria en combinaci\u00f3n con la protecci\u00f3n de la parte superior del cuerpo contra la influencia de sustancias o productos qu\u00edmicos, el medio traje Plysu es una buena soluci\u00f3n.","og_url":"https:\/\/www.hutter.nl\/es\/winkel\/gama\/epi-diversos\/trajes-ventilados\/medios-trajes-plysu\/","og_site_name":"H\u00fctter Veiligheid B.V.","og_image":[{"width":370,"height":370,"url":"https:\/\/www.hutter.nl\/wp-content\/uploads\/2016\/PBM\/Adembescherming\/Luchtpakken\/Halfpakken.jpg","type":"image\/jpeg"}],"twitter_card":"summary_large_image","twitter_site":"@hutter_safety","twitter_misc":{"Tiempo de lectura":"2 minutos"},"schema":{"@context":"https:\/\/schema.org","@graph":[{"@type":"WebPage","@id":"https:\/\/www.hutter.nl\/es\/winkel\/gama\/epi-diversos\/trajes-ventilados\/medios-trajes-plysu\/","url":"https:\/\/www.hutter.nl\/es\/winkel\/gama\/epi-diversos\/trajes-ventilados\/medios-trajes-plysu\/","name":"MEDIOS TRAJES PLYSU - H\u00fctter Veiligheid B.V.","isPartOf":{"@id":"https:\/\/www.hutter.nl\/#website"},"primaryImageOfPage":{"@id":"https:\/\/www.hutter.nl\/es\/winkel\/gama\/epi-diversos\/trajes-ventilados\/medios-trajes-plysu\/#primaryimage"},"image":{"@id":"https:\/\/www.hutter.nl\/es\/winkel\/gama\/epi-diversos\/trajes-ventilados\/medios-trajes-plysu\/#primaryimage"},"thumbnailUrl":"https:\/\/www.hutter.nl\/wp-content\/uploads\/2016\/PBM\/Adembescherming\/Luchtpakken\/Halfpakken.jpg","datePublished":"2016-05-31T15:17:10+00:00","description":"Para la protecci\u00f3n respiratoria en combinaci\u00f3n con la protecci\u00f3n de la parte superior del cuerpo contra la influencia de sustancias o productos qu\u00edmicos, el medio traje Plysu es una buena soluci\u00f3n.","breadcrumb":{"@id":"https:\/\/www.hutter.nl\/es\/winkel\/gama\/epi-diversos\/trajes-ventilados\/medios-trajes-plysu\/#breadcrumb"},"inLanguage":"es","potentialAction":[{"@type":"ReadAction","target":["https:\/\/www.hutter.nl\/es\/winkel\/gama\/epi-diversos\/trajes-ventilados\/medios-trajes-plysu\/"]}]},{"@type":"ImageObject","inLanguage":"es","@id":"https:\/\/www.hutter.nl\/es\/winkel\/gama\/epi-diversos\/trajes-ventilados\/medios-trajes-plysu\/#primaryimage","url":"https:\/\/www.hutter.nl\/wp-content\/uploads\/2016\/PBM\/Adembescherming\/Luchtpakken\/Halfpakken.jpg","contentUrl":"https:\/\/www.hutter.nl\/wp-content\/uploads\/2016\/PBM\/Adembescherming\/Luchtpakken\/Halfpakken.jpg","width":370,"height":370,"caption":"MEDIOS TRAJES PLYSU"},{"@type":"BreadcrumbList","@id":"https:\/\/www.hutter.nl\/es\/winkel\/gama\/epi-diversos\/trajes-ventilados\/medios-trajes-plysu\/#breadcrumb","itemListElement":[{"@type":"ListItem","position":1,"name":"Home","item":"https:\/\/www.hutter.nl\/es\/"},{"@type":"ListItem","position":2,"name":"Winkel","item":"https:\/\/www.hutter.nl\/winkel\/"},{"@type":"ListItem","position":3,"name":"MEDIOS TRAJES PLYSU"}]},{"@type":"WebSite","@id":"https:\/\/www.hutter.nl\/#website","url":"https:\/\/www.hutter.nl\/","name":"H\u00fctter Safety","description":"Specialist in arbeidsveiligheid sinds 1909","publisher":{"@id":"https:\/\/www.hutter.nl\/#organization"},"potentialAction":[{"@type":"SearchAction","target":{"@type":"EntryPoint","urlTemplate":"https:\/\/www.hutter.nl\/?s={search_term_string}"},"query-input":{"@type":"PropertyValueSpecification","valueRequired":true,"valueName":"search_term_string"}}],"inLanguage":"es"},{"@type":"Organization","@id":"https:\/\/www.hutter.nl\/#organization","name":"H\u00fctter Veiligheid B.V.","url":"https:\/\/www.hutter.nl\/","logo":{"@type":"ImageObject","inLanguage":"es","@id":"https:\/\/www.hutter.nl\/#\/schema\/logo\/image\/","url":"https:\/\/www.hutter.nl\/wp-content\/uploads\/2016\/10\/Hutter_Veiligheid_logo-email.png","contentUrl":"https:\/\/www.hutter.nl\/wp-content\/uploads\/2016\/10\/Hutter_Veiligheid_logo-email.png","width":150,"height":104,"caption":"H\u00fctter Veiligheid B.V."},"image":{"@id":"https:\/\/www.hutter.nl\/#\/schema\/logo\/image\/"},"sameAs":["https:\/\/x.com\/hutter_safety","https:\/\/www.linkedin.com\/company\/h\u00fctter-veiligheid-bv?trk=company_logo"]}]}},"_links":{"self":[{"href":"https:\/\/www.hutter.nl\/es\/wp-json\/wp\/v2\/product\/14736","targetHints":{"allow":["GET"]}}],"collection":[{"href":"https:\/\/www.hutter.nl\/es\/wp-json\/wp\/v2\/product"}],"about":[{"href":"https:\/\/www.hutter.nl\/es\/wp-json\/wp\/v2\/types\/product"}],"replies":[{"embeddable":true,"href":"https:\/\/www.hutter.nl\/es\/wp-json\/wp\/v2\/comments?post=14736"}],"wp:featuredmedia":[{"embeddable":true,"href":"https:\/\/www.hutter.nl\/es\/wp-json\/wp\/v2\/media\/14737"}],"wp:attachment":[{"href":"https:\/\/www.hutter.nl\/es\/wp-json\/wp\/v2\/media?parent=14736"}],"wp:term":[{"taxonomy":"product_brand","embeddable":true,"href":"https:\/\/www.hutter.nl\/es\/wp-json\/wp\/v2\/product_brand?post=14736"},{"taxonomy":"product_cat","embeddable":true,"href":"https:\/\/www.hutter.nl\/es\/wp-json\/wp\/v2\/product_cat?post=14736"},{"taxonomy":"product_tag","embeddable":true,"href":"https:\/\/www.hutter.nl\/es\/wp-json\/wp\/v2\/product_tag?post=14736"}],"curies":[{"name":"wp","href":"https:\/\/api.w.org\/{rel}","templated":true}]}}