{"id":14738,"date":"2016-05-31T17:17:10","date_gmt":"2016-05-31T15:17:10","guid":{"rendered":"https:\/\/www.hutter.nl\/catalogue\/sin categor\u00eda\/product\/traje-de-aire-plysu-nuclear\/"},"modified":"2016-05-31T17:17:10","modified_gmt":"2016-05-31T15:17:10","slug":"traje-de-aire-plysu-nuclear","status":"publish","type":"product","link":"https:\/\/www.hutter.nl\/es\/winkel\/gama\/epi-diversos\/trajes-ventilados\/traje-de-aire-plysu-nuclear\/","title":{"rendered":"TRAJE DE AIRE PLYSU NUCLEAR"},"content":{"rendered":"<p data-start=\"50\" data-end=\"391\">El traje de aire Pro-combi (PLYSU TRAJE DE AIRE NUCLEAR) para la industria nuclear es adecuado para un solo uso. El traje se suministra con la m\u00e1scara facial completa Promask para aire comprimido y un cintur\u00f3n de control. Estos se llevan dentro del traje, por lo que no se contaminan durante el trabajo y pueden reutilizarse repetidamente.<\/p>\n<p data-start=\"393\" data-end=\"612\">El cintur\u00f3n de control est\u00e1 equipado con un filtro P3. Esto ofrece la ventaja de que la respiraci\u00f3n permanece protegida durante y despu\u00e9s de quitarse el traje contaminado, cuando la manguera de aire no est\u00e1 conectada.<\/p>\n<p data-start=\"614\" data-end=\"909\" data-is-last-node=\"\" data-is-only-node=\"\">El aire exhalado y el exceso de aire suministrado se utilizan para inflar el traje de aire y proporcionar una protecci\u00f3n \u00f3ptima. La respiraci\u00f3n est\u00e1 excelentemente protegida gracias a la m\u00e1scara facial completa con suministro constante de aire (APF 40) y al traje de cuerpo completo (APF 200).<\/p>\n","protected":false},"excerpt":{"rendered":"<p>El traje de aire Pro-combi (PLYSU TRAJE DE AIRE NUCLEAR) para la industria nuclear es adecuado para un solo uso. El traje de aire ofrece buena libertad de movimiento, visi\u00f3n \u00f3ptima y un alto factor de protecci\u00f3n (APF 200). Una excelente soluci\u00f3n cuando la limpieza de un traje de aire resulta demasiado complicada o implica costes demasiado elevados.<\/p>\n","protected":false},"featured_media":14739,"comment_status":"closed","ping_status":"closed","template":"","meta":[],"product_brand":[],"product_cat":[3242,3310],"product_tag":[3356,3355,2896,2898,3359,3353,3354,3322,3357,3358],"class_list":{"0":"post-14738","1":"product","2":"type-product","3":"status-publish","4":"has-post-thumbnail","6":"product_cat-gama","7":"product_cat-trajes-ventilados","8":"product_tag-en1073-1-es","9":"product_tag-filtro-p3","10":"product_tag-hoofddorp-es","11":"product_tag-hutter-veiligheid-b-v-es","12":"product_tag-mascara-facial-completa-promask","13":"product_tag-promask-combi-es","14":"product_tag-pvc-mate","15":"product_tag-traje-de-aire","16":"product_tag-traje-de-aire-plysu-nuclear","17":"product_tag-uso-unico","18":"pa_maat-tallas-de-la-s-a-la-xxl","20":"first","21":"instock","22":"product-type-simple","23":"prodpage-classic"},"yoast_head":"<!-- This site is optimized with the Yoast SEO plugin v27.4 - https:\/\/yoast.com\/product\/yoast-seo-wordpress\/ -->\n<title>TRAJE DE AIRE PLYSU NUCLEAR - H\u00fctter Veiligheid B.V.<\/title>\n<meta name=\"description\" content=\"El traje de aire Pro-combi (PLYSU TRAJE DE AIRE NUCLEAR) para la industria nuclear es adecuado para un solo uso. El traje de aire ofrece buena libertad de movimiento.\" \/>\n<meta name=\"robots\" content=\"index, follow, max-snippet:-1, max-image-preview:large, max-video-preview:-1\" \/>\n<link rel=\"canonical\" href=\"https:\/\/www.hutter.nl\/es\/winkel\/gama\/epi-diversos\/trajes-ventilados\/traje-de-aire-plysu-nuclear\/\" \/>\n<meta property=\"og:locale\" content=\"es_ES\" \/>\n<meta property=\"og:type\" content=\"article\" \/>\n<meta property=\"og:title\" content=\"TRAJE DE AIRE PLYSU NUCLEAR - H\u00fctter Veiligheid B.V.\" \/>\n<meta property=\"og:description\" content=\"El traje de aire Pro-combi (PLYSU TRAJE DE AIRE NUCLEAR) para la industria nuclear es adecuado para un solo uso. El traje de aire ofrece buena libertad de movimiento.\" \/>\n<meta property=\"og:url\" content=\"https:\/\/www.hutter.nl\/es\/winkel\/gama\/epi-diversos\/trajes-ventilados\/traje-de-aire-plysu-nuclear\/\" \/>\n<meta property=\"og:site_name\" content=\"H\u00fctter Veiligheid B.V.\" \/>\n<meta property=\"og:image\" content=\"https:\/\/www.hutter.nl\/wp-content\/uploads\/2016\/PBM\/Adembescherming\/Luchtpakken\/Plysu-Luchtpak-Nucleair.jpg\" \/>\n\t<meta property=\"og:image:width\" content=\"370\" \/>\n\t<meta property=\"og:image:height\" content=\"370\" \/>\n\t<meta property=\"og:image:type\" content=\"image\/jpeg\" \/>\n<meta name=\"twitter:card\" content=\"summary_large_image\" \/>\n<meta name=\"twitter:site\" content=\"@hutter_safety\" \/>\n<meta name=\"twitter:label1\" content=\"Tiempo de lectura\" \/>\n\t<meta name=\"twitter:data1\" content=\"1 minuto\" \/>\n<script type=\"application\/ld+json\" class=\"yoast-schema-graph\">{\"@context\":\"https:\\\/\\\/schema.org\",\"@graph\":[{\"@type\":\"WebPage\",\"@id\":\"https:\\\/\\\/www.hutter.nl\\\/es\\\/winkel\\\/gama\\\/epi-diversos\\\/trajes-ventilados\\\/traje-de-aire-plysu-nuclear\\\/\",\"url\":\"https:\\\/\\\/www.hutter.nl\\\/es\\\/winkel\\\/gama\\\/epi-diversos\\\/trajes-ventilados\\\/traje-de-aire-plysu-nuclear\\\/\",\"name\":\"TRAJE DE AIRE PLYSU NUCLEAR - H\u00fctter Veiligheid B.V.\",\"isPartOf\":{\"@id\":\"https:\\\/\\\/www.hutter.nl\\\/#website\"},\"primaryImageOfPage\":{\"@id\":\"https:\\\/\\\/www.hutter.nl\\\/es\\\/winkel\\\/gama\\\/epi-diversos\\\/trajes-ventilados\\\/traje-de-aire-plysu-nuclear\\\/#primaryimage\"},\"image\":{\"@id\":\"https:\\\/\\\/www.hutter.nl\\\/es\\\/winkel\\\/gama\\\/epi-diversos\\\/trajes-ventilados\\\/traje-de-aire-plysu-nuclear\\\/#primaryimage\"},\"thumbnailUrl\":\"https:\\\/\\\/www.hutter.nl\\\/wp-content\\\/uploads\\\/2016\\\/PBM\\\/Adembescherming\\\/Luchtpakken\\\/Plysu-Luchtpak-Nucleair.jpg\",\"datePublished\":\"2016-05-31T15:17:10+00:00\",\"description\":\"El traje de aire Pro-combi (PLYSU TRAJE DE AIRE NUCLEAR) para la industria nuclear es adecuado para un solo uso. El traje de aire ofrece buena libertad de movimiento.\",\"breadcrumb\":{\"@id\":\"https:\\\/\\\/www.hutter.nl\\\/es\\\/winkel\\\/gama\\\/epi-diversos\\\/trajes-ventilados\\\/traje-de-aire-plysu-nuclear\\\/#breadcrumb\"},\"inLanguage\":\"es\",\"potentialAction\":[{\"@type\":\"ReadAction\",\"target\":[\"https:\\\/\\\/www.hutter.nl\\\/es\\\/winkel\\\/gama\\\/epi-diversos\\\/trajes-ventilados\\\/traje-de-aire-plysu-nuclear\\\/\"]}]},{\"@type\":\"ImageObject\",\"inLanguage\":\"es\",\"@id\":\"https:\\\/\\\/www.hutter.nl\\\/es\\\/winkel\\\/gama\\\/epi-diversos\\\/trajes-ventilados\\\/traje-de-aire-plysu-nuclear\\\/#primaryimage\",\"url\":\"https:\\\/\\\/www.hutter.nl\\\/wp-content\\\/uploads\\\/2016\\\/PBM\\\/Adembescherming\\\/Luchtpakken\\\/Plysu-Luchtpak-Nucleair.jpg\",\"contentUrl\":\"https:\\\/\\\/www.hutter.nl\\\/wp-content\\\/uploads\\\/2016\\\/PBM\\\/Adembescherming\\\/Luchtpakken\\\/Plysu-Luchtpak-Nucleair.jpg\",\"width\":370,\"height\":370,\"caption\":\"TRAJE DE AIRE PLYSU NUCLEAR\"},{\"@type\":\"BreadcrumbList\",\"@id\":\"https:\\\/\\\/www.hutter.nl\\\/es\\\/winkel\\\/gama\\\/epi-diversos\\\/trajes-ventilados\\\/traje-de-aire-plysu-nuclear\\\/#breadcrumb\",\"itemListElement\":[{\"@type\":\"ListItem\",\"position\":1,\"name\":\"Home\",\"item\":\"https:\\\/\\\/www.hutter.nl\\\/es\\\/\"},{\"@type\":\"ListItem\",\"position\":2,\"name\":\"Winkel\",\"item\":\"https:\\\/\\\/www.hutter.nl\\\/winkel\\\/\"},{\"@type\":\"ListItem\",\"position\":3,\"name\":\"TRAJE DE AIRE PLYSU NUCLEAR\"}]},{\"@type\":\"WebSite\",\"@id\":\"https:\\\/\\\/www.hutter.nl\\\/#website\",\"url\":\"https:\\\/\\\/www.hutter.nl\\\/\",\"name\":\"H\u00fctter Safety\",\"description\":\"Specialist in arbeidsveiligheid sinds 1909\",\"publisher\":{\"@id\":\"https:\\\/\\\/www.hutter.nl\\\/#organization\"},\"potentialAction\":[{\"@type\":\"SearchAction\",\"target\":{\"@type\":\"EntryPoint\",\"urlTemplate\":\"https:\\\/\\\/www.hutter.nl\\\/?s={search_term_string}\"},\"query-input\":{\"@type\":\"PropertyValueSpecification\",\"valueRequired\":true,\"valueName\":\"search_term_string\"}}],\"inLanguage\":\"es\"},{\"@type\":\"Organization\",\"@id\":\"https:\\\/\\\/www.hutter.nl\\\/#organization\",\"name\":\"H\u00fctter Veiligheid B.V.\",\"url\":\"https:\\\/\\\/www.hutter.nl\\\/\",\"logo\":{\"@type\":\"ImageObject\",\"inLanguage\":\"es\",\"@id\":\"https:\\\/\\\/www.hutter.nl\\\/#\\\/schema\\\/logo\\\/image\\\/\",\"url\":\"https:\\\/\\\/www.hutter.nl\\\/wp-content\\\/uploads\\\/2016\\\/10\\\/Hutter_Veiligheid_logo-email.png\",\"contentUrl\":\"https:\\\/\\\/www.hutter.nl\\\/wp-content\\\/uploads\\\/2016\\\/10\\\/Hutter_Veiligheid_logo-email.png\",\"width\":150,\"height\":104,\"caption\":\"H\u00fctter Veiligheid B.V.\"},\"image\":{\"@id\":\"https:\\\/\\\/www.hutter.nl\\\/#\\\/schema\\\/logo\\\/image\\\/\"},\"sameAs\":[\"https:\\\/\\\/x.com\\\/hutter_safety\",\"https:\\\/\\\/www.linkedin.com\\\/company\\\/h\u00fctter-veiligheid-bv?trk=company_logo\"]}]}<\/script>\n<!-- \/ Yoast SEO plugin. -->","yoast_head_json":{"title":"TRAJE DE AIRE PLYSU NUCLEAR - H\u00fctter Veiligheid B.V.","description":"El traje de aire Pro-combi (PLYSU TRAJE DE AIRE NUCLEAR) para la industria nuclear es adecuado para un solo uso. El traje de aire ofrece buena libertad de movimiento.","robots":{"index":"index","follow":"follow","max-snippet":"max-snippet:-1","max-image-preview":"max-image-preview:large","max-video-preview":"max-video-preview:-1"},"canonical":"https:\/\/www.hutter.nl\/es\/winkel\/gama\/epi-diversos\/trajes-ventilados\/traje-de-aire-plysu-nuclear\/","og_locale":"es_ES","og_type":"article","og_title":"TRAJE DE AIRE PLYSU NUCLEAR - H\u00fctter Veiligheid B.V.","og_description":"El traje de aire Pro-combi (PLYSU TRAJE DE AIRE NUCLEAR) para la industria nuclear es adecuado para un solo uso. El traje de aire ofrece buena libertad de movimiento.","og_url":"https:\/\/www.hutter.nl\/es\/winkel\/gama\/epi-diversos\/trajes-ventilados\/traje-de-aire-plysu-nuclear\/","og_site_name":"H\u00fctter Veiligheid B.V.","og_image":[{"width":370,"height":370,"url":"https:\/\/www.hutter.nl\/wp-content\/uploads\/2016\/PBM\/Adembescherming\/Luchtpakken\/Plysu-Luchtpak-Nucleair.jpg","type":"image\/jpeg"}],"twitter_card":"summary_large_image","twitter_site":"@hutter_safety","twitter_misc":{"Tiempo de lectura":"1 minuto"},"schema":{"@context":"https:\/\/schema.org","@graph":[{"@type":"WebPage","@id":"https:\/\/www.hutter.nl\/es\/winkel\/gama\/epi-diversos\/trajes-ventilados\/traje-de-aire-plysu-nuclear\/","url":"https:\/\/www.hutter.nl\/es\/winkel\/gama\/epi-diversos\/trajes-ventilados\/traje-de-aire-plysu-nuclear\/","name":"TRAJE DE AIRE PLYSU NUCLEAR - H\u00fctter Veiligheid B.V.","isPartOf":{"@id":"https:\/\/www.hutter.nl\/#website"},"primaryImageOfPage":{"@id":"https:\/\/www.hutter.nl\/es\/winkel\/gama\/epi-diversos\/trajes-ventilados\/traje-de-aire-plysu-nuclear\/#primaryimage"},"image":{"@id":"https:\/\/www.hutter.nl\/es\/winkel\/gama\/epi-diversos\/trajes-ventilados\/traje-de-aire-plysu-nuclear\/#primaryimage"},"thumbnailUrl":"https:\/\/www.hutter.nl\/wp-content\/uploads\/2016\/PBM\/Adembescherming\/Luchtpakken\/Plysu-Luchtpak-Nucleair.jpg","datePublished":"2016-05-31T15:17:10+00:00","description":"El traje de aire Pro-combi (PLYSU TRAJE DE AIRE NUCLEAR) para la industria nuclear es adecuado para un solo uso. El traje de aire ofrece buena libertad de movimiento.","breadcrumb":{"@id":"https:\/\/www.hutter.nl\/es\/winkel\/gama\/epi-diversos\/trajes-ventilados\/traje-de-aire-plysu-nuclear\/#breadcrumb"},"inLanguage":"es","potentialAction":[{"@type":"ReadAction","target":["https:\/\/www.hutter.nl\/es\/winkel\/gama\/epi-diversos\/trajes-ventilados\/traje-de-aire-plysu-nuclear\/"]}]},{"@type":"ImageObject","inLanguage":"es","@id":"https:\/\/www.hutter.nl\/es\/winkel\/gama\/epi-diversos\/trajes-ventilados\/traje-de-aire-plysu-nuclear\/#primaryimage","url":"https:\/\/www.hutter.nl\/wp-content\/uploads\/2016\/PBM\/Adembescherming\/Luchtpakken\/Plysu-Luchtpak-Nucleair.jpg","contentUrl":"https:\/\/www.hutter.nl\/wp-content\/uploads\/2016\/PBM\/Adembescherming\/Luchtpakken\/Plysu-Luchtpak-Nucleair.jpg","width":370,"height":370,"caption":"TRAJE DE AIRE PLYSU NUCLEAR"},{"@type":"BreadcrumbList","@id":"https:\/\/www.hutter.nl\/es\/winkel\/gama\/epi-diversos\/trajes-ventilados\/traje-de-aire-plysu-nuclear\/#breadcrumb","itemListElement":[{"@type":"ListItem","position":1,"name":"Home","item":"https:\/\/www.hutter.nl\/es\/"},{"@type":"ListItem","position":2,"name":"Winkel","item":"https:\/\/www.hutter.nl\/winkel\/"},{"@type":"ListItem","position":3,"name":"TRAJE DE AIRE PLYSU NUCLEAR"}]},{"@type":"WebSite","@id":"https:\/\/www.hutter.nl\/#website","url":"https:\/\/www.hutter.nl\/","name":"H\u00fctter Safety","description":"Specialist in arbeidsveiligheid sinds 1909","publisher":{"@id":"https:\/\/www.hutter.nl\/#organization"},"potentialAction":[{"@type":"SearchAction","target":{"@type":"EntryPoint","urlTemplate":"https:\/\/www.hutter.nl\/?s={search_term_string}"},"query-input":{"@type":"PropertyValueSpecification","valueRequired":true,"valueName":"search_term_string"}}],"inLanguage":"es"},{"@type":"Organization","@id":"https:\/\/www.hutter.nl\/#organization","name":"H\u00fctter Veiligheid B.V.","url":"https:\/\/www.hutter.nl\/","logo":{"@type":"ImageObject","inLanguage":"es","@id":"https:\/\/www.hutter.nl\/#\/schema\/logo\/image\/","url":"https:\/\/www.hutter.nl\/wp-content\/uploads\/2016\/10\/Hutter_Veiligheid_logo-email.png","contentUrl":"https:\/\/www.hutter.nl\/wp-content\/uploads\/2016\/10\/Hutter_Veiligheid_logo-email.png","width":150,"height":104,"caption":"H\u00fctter Veiligheid B.V."},"image":{"@id":"https:\/\/www.hutter.nl\/#\/schema\/logo\/image\/"},"sameAs":["https:\/\/x.com\/hutter_safety","https:\/\/www.linkedin.com\/company\/h\u00fctter-veiligheid-bv?trk=company_logo"]}]}},"_links":{"self":[{"href":"https:\/\/www.hutter.nl\/es\/wp-json\/wp\/v2\/product\/14738","targetHints":{"allow":["GET"]}}],"collection":[{"href":"https:\/\/www.hutter.nl\/es\/wp-json\/wp\/v2\/product"}],"about":[{"href":"https:\/\/www.hutter.nl\/es\/wp-json\/wp\/v2\/types\/product"}],"replies":[{"embeddable":true,"href":"https:\/\/www.hutter.nl\/es\/wp-json\/wp\/v2\/comments?post=14738"}],"wp:featuredmedia":[{"embeddable":true,"href":"https:\/\/www.hutter.nl\/es\/wp-json\/wp\/v2\/media\/14739"}],"wp:attachment":[{"href":"https:\/\/www.hutter.nl\/es\/wp-json\/wp\/v2\/media?parent=14738"}],"wp:term":[{"taxonomy":"product_brand","embeddable":true,"href":"https:\/\/www.hutter.nl\/es\/wp-json\/wp\/v2\/product_brand?post=14738"},{"taxonomy":"product_cat","embeddable":true,"href":"https:\/\/www.hutter.nl\/es\/wp-json\/wp\/v2\/product_cat?post=14738"},{"taxonomy":"product_tag","embeddable":true,"href":"https:\/\/www.hutter.nl\/es\/wp-json\/wp\/v2\/product_tag?post=14738"}],"curies":[{"name":"wp","href":"https:\/\/api.w.org\/{rel}","templated":true}]}}