{"id":14902,"date":"2025-09-23T16:28:44","date_gmt":"2025-09-23T14:28:44","guid":{"rendered":"https:\/\/www.hutter.nl\/winkel\/sin%20categor\u00eda\/arnes-funcional-hsi\/"},"modified":"2025-12-08T09:55:00","modified_gmt":"2025-12-08T08:55:00","slug":"arnes-funcional-hsi","status":"publish","type":"product","link":"https:\/\/www.hutter.nl\/es\/winkel\/gama\/proteccion-anticaidas\/arneses\/arnes-funcional-hsi\/","title":{"rendered":"Arn\u00e9s Funcional HSI"},"content":{"rendered":"<p>Un arn\u00e9s ligero de tres puntos con correas ajustables para el pecho, hombros y muslos. El arn\u00e9s cuenta con un anillo D dorsal en la espalda y dos bucles de sujeci\u00f3n en el pecho para opciones de conexi\u00f3n vers\u00e1tiles. Este arn\u00e9s se caracteriza por las hebillas manuales, donde el usuario debe crear un cierre utilizando las dos placas met\u00e1licas.<\/p>\n<p>&nbsp;<\/p>\n<p><strong><img decoding=\"async\" class=\"emoji\" role=\"img\" draggable=\"false\" src=\"https:\/\/s.w.org\/images\/core\/emoji\/17.0.2\/svg\/1f4c4.svg\" alt=\"\ud83d\udcc4\" \/> <a href=\"https:\/\/www.hutter.nl\/wp-content\/uploads\/2025\/10\/TS-ES-HSI-Functional-Harness-2.5.1.pdf\" target=\"_blank\" rel=\"noopener\">Haga clic aqu\u00ed para ver la ficha t\u00e9cnica.<\/a><\/strong><\/p>\n","protected":false},"excerpt":{"rendered":"<p>Este arn\u00e9s de protecci\u00f3n contra ca\u00eddas est\u00e1 dise\u00f1ado para distribuir las fuerzas de impacto de manera uniforme por todo el cuerpo, proporcionando puntos de sujeci\u00f3n seguros para los sistemas de detenci\u00f3n de ca\u00eddas.<\/p>\n","protected":false},"featured_media":14847,"comment_status":"closed","ping_status":"closed","template":"","meta":[],"product_brand":[],"product_cat":[3377],"product_tag":[],"class_list":{"0":"post-14902","1":"product","2":"type-product","3":"status-publish","4":"has-post-thumbnail","6":"product_cat-arneses","8":"first","9":"instock","10":"shipping-taxable","11":"product-type-simple","12":"prodpage-classic"},"yoast_head":"<!-- This site is optimized with the Yoast SEO plugin v27.4 - https:\/\/yoast.com\/product\/yoast-seo-wordpress\/ -->\n<title>Arn\u00e9s Funcional HSI - H\u00fctter Veiligheid B.V.<\/title>\n<meta name=\"description\" content=\"Arn\u00e9s Funcional HSI \u2013 Arn\u00e9s antica\u00eddas ligero de tres puntos con correas ajustables, anilla dorsal en D y bucles en el pecho para una sujeci\u00f3n segura y vers\u00e1til.\" \/>\n<meta name=\"robots\" content=\"index, follow, max-snippet:-1, max-image-preview:large, max-video-preview:-1\" \/>\n<link rel=\"canonical\" href=\"https:\/\/www.hutter.nl\/es\/winkel\/gama\/proteccion-anticaidas\/arneses\/arnes-funcional-hsi\/\" \/>\n<meta property=\"og:locale\" content=\"es_ES\" \/>\n<meta property=\"og:type\" content=\"article\" \/>\n<meta property=\"og:title\" content=\"Arn\u00e9s Funcional HSI - H\u00fctter Veiligheid B.V.\" \/>\n<meta property=\"og:description\" content=\"Arn\u00e9s Funcional HSI \u2013 Arn\u00e9s antica\u00eddas ligero de tres puntos con correas ajustables, anilla dorsal en D y bucles en el pecho para una sujeci\u00f3n segura y vers\u00e1til.\" \/>\n<meta property=\"og:url\" content=\"https:\/\/www.hutter.nl\/es\/winkel\/gama\/proteccion-anticaidas\/arneses\/arnes-funcional-hsi\/\" \/>\n<meta property=\"og:site_name\" content=\"H\u00fctter Veiligheid B.V.\" \/>\n<meta property=\"article:modified_time\" content=\"2025-12-08T08:55:00+00:00\" \/>\n<meta property=\"og:image\" content=\"https:\/\/www.hutter.nl\/wp-content\/uploads\/2025\/09\/Harnas-Voor-e1758618506521.png\" \/>\n\t<meta property=\"og:image:width\" content=\"1459\" \/>\n\t<meta property=\"og:image:height\" content=\"2343\" \/>\n\t<meta property=\"og:image:type\" content=\"image\/png\" \/>\n<meta name=\"twitter:card\" content=\"summary_large_image\" \/>\n<meta name=\"twitter:site\" content=\"@hutter_safety\" \/>\n<meta name=\"twitter:label1\" content=\"Tiempo de lectura\" \/>\n\t<meta name=\"twitter:data1\" content=\"1 minuto\" \/>\n<script type=\"application\/ld+json\" class=\"yoast-schema-graph\">{\"@context\":\"https:\\\/\\\/schema.org\",\"@graph\":[{\"@type\":\"WebPage\",\"@id\":\"https:\\\/\\\/www.hutter.nl\\\/es\\\/winkel\\\/gama\\\/proteccion-anticaidas\\\/arneses\\\/arnes-funcional-hsi\\\/\",\"url\":\"https:\\\/\\\/www.hutter.nl\\\/es\\\/winkel\\\/gama\\\/proteccion-anticaidas\\\/arneses\\\/arnes-funcional-hsi\\\/\",\"name\":\"Arn\u00e9s Funcional HSI - H\u00fctter Veiligheid B.V.\",\"isPartOf\":{\"@id\":\"https:\\\/\\\/www.hutter.nl\\\/#website\"},\"primaryImageOfPage\":{\"@id\":\"https:\\\/\\\/www.hutter.nl\\\/es\\\/winkel\\\/gama\\\/proteccion-anticaidas\\\/arneses\\\/arnes-funcional-hsi\\\/#primaryimage\"},\"image\":{\"@id\":\"https:\\\/\\\/www.hutter.nl\\\/es\\\/winkel\\\/gama\\\/proteccion-anticaidas\\\/arneses\\\/arnes-funcional-hsi\\\/#primaryimage\"},\"thumbnailUrl\":\"https:\\\/\\\/www.hutter.nl\\\/wp-content\\\/uploads\\\/2025\\\/09\\\/Harnas-Voor-e1758618506521.png\",\"datePublished\":\"2025-09-23T14:28:44+00:00\",\"dateModified\":\"2025-12-08T08:55:00+00:00\",\"description\":\"Arn\u00e9s Funcional HSI \u2013 Arn\u00e9s antica\u00eddas ligero de tres puntos con correas ajustables, anilla dorsal en D y bucles en el pecho para una sujeci\u00f3n segura y vers\u00e1til.\",\"breadcrumb\":{\"@id\":\"https:\\\/\\\/www.hutter.nl\\\/es\\\/winkel\\\/gama\\\/proteccion-anticaidas\\\/arneses\\\/arnes-funcional-hsi\\\/#breadcrumb\"},\"inLanguage\":\"es\",\"potentialAction\":[{\"@type\":\"ReadAction\",\"target\":[\"https:\\\/\\\/www.hutter.nl\\\/es\\\/winkel\\\/gama\\\/proteccion-anticaidas\\\/arneses\\\/arnes-funcional-hsi\\\/\"]}]},{\"@type\":\"ImageObject\",\"inLanguage\":\"es\",\"@id\":\"https:\\\/\\\/www.hutter.nl\\\/es\\\/winkel\\\/gama\\\/proteccion-anticaidas\\\/arneses\\\/arnes-funcional-hsi\\\/#primaryimage\",\"url\":\"https:\\\/\\\/www.hutter.nl\\\/wp-content\\\/uploads\\\/2025\\\/09\\\/Harnas-Voor-e1758618506521.png\",\"contentUrl\":\"https:\\\/\\\/www.hutter.nl\\\/wp-content\\\/uploads\\\/2025\\\/09\\\/Harnas-Voor-e1758618506521.png\",\"width\":1459,\"height\":2343,\"caption\":\"arn\u00e9s-funcional-hsi\"},{\"@type\":\"BreadcrumbList\",\"@id\":\"https:\\\/\\\/www.hutter.nl\\\/es\\\/winkel\\\/gama\\\/proteccion-anticaidas\\\/arneses\\\/arnes-funcional-hsi\\\/#breadcrumb\",\"itemListElement\":[{\"@type\":\"ListItem\",\"position\":1,\"name\":\"Home\",\"item\":\"https:\\\/\\\/www.hutter.nl\\\/es\\\/\"},{\"@type\":\"ListItem\",\"position\":2,\"name\":\"Winkel\",\"item\":\"https:\\\/\\\/www.hutter.nl\\\/winkel\\\/\"},{\"@type\":\"ListItem\",\"position\":3,\"name\":\"Arn\u00e9s Funcional HSI\"}]},{\"@type\":\"WebSite\",\"@id\":\"https:\\\/\\\/www.hutter.nl\\\/#website\",\"url\":\"https:\\\/\\\/www.hutter.nl\\\/\",\"name\":\"H\u00fctter Safety\",\"description\":\"Specialist in arbeidsveiligheid sinds 1909\",\"publisher\":{\"@id\":\"https:\\\/\\\/www.hutter.nl\\\/#organization\"},\"potentialAction\":[{\"@type\":\"SearchAction\",\"target\":{\"@type\":\"EntryPoint\",\"urlTemplate\":\"https:\\\/\\\/www.hutter.nl\\\/?s={search_term_string}\"},\"query-input\":{\"@type\":\"PropertyValueSpecification\",\"valueRequired\":true,\"valueName\":\"search_term_string\"}}],\"inLanguage\":\"es\"},{\"@type\":\"Organization\",\"@id\":\"https:\\\/\\\/www.hutter.nl\\\/#organization\",\"name\":\"H\u00fctter Veiligheid B.V.\",\"url\":\"https:\\\/\\\/www.hutter.nl\\\/\",\"logo\":{\"@type\":\"ImageObject\",\"inLanguage\":\"es\",\"@id\":\"https:\\\/\\\/www.hutter.nl\\\/#\\\/schema\\\/logo\\\/image\\\/\",\"url\":\"https:\\\/\\\/www.hutter.nl\\\/wp-content\\\/uploads\\\/2016\\\/10\\\/Hutter_Veiligheid_logo-email.png\",\"contentUrl\":\"https:\\\/\\\/www.hutter.nl\\\/wp-content\\\/uploads\\\/2016\\\/10\\\/Hutter_Veiligheid_logo-email.png\",\"width\":150,\"height\":104,\"caption\":\"H\u00fctter Veiligheid B.V.\"},\"image\":{\"@id\":\"https:\\\/\\\/www.hutter.nl\\\/#\\\/schema\\\/logo\\\/image\\\/\"},\"sameAs\":[\"https:\\\/\\\/x.com\\\/hutter_safety\",\"https:\\\/\\\/www.linkedin.com\\\/company\\\/h\u00fctter-veiligheid-bv?trk=company_logo\"]}]}<\/script>\n<!-- \/ Yoast SEO plugin. -->","yoast_head_json":{"title":"Arn\u00e9s Funcional HSI - H\u00fctter Veiligheid B.V.","description":"Arn\u00e9s Funcional HSI \u2013 Arn\u00e9s antica\u00eddas ligero de tres puntos con correas ajustables, anilla dorsal en D y bucles en el pecho para una sujeci\u00f3n segura y vers\u00e1til.","robots":{"index":"index","follow":"follow","max-snippet":"max-snippet:-1","max-image-preview":"max-image-preview:large","max-video-preview":"max-video-preview:-1"},"canonical":"https:\/\/www.hutter.nl\/es\/winkel\/gama\/proteccion-anticaidas\/arneses\/arnes-funcional-hsi\/","og_locale":"es_ES","og_type":"article","og_title":"Arn\u00e9s Funcional HSI - H\u00fctter Veiligheid B.V.","og_description":"Arn\u00e9s Funcional HSI \u2013 Arn\u00e9s antica\u00eddas ligero de tres puntos con correas ajustables, anilla dorsal en D y bucles en el pecho para una sujeci\u00f3n segura y vers\u00e1til.","og_url":"https:\/\/www.hutter.nl\/es\/winkel\/gama\/proteccion-anticaidas\/arneses\/arnes-funcional-hsi\/","og_site_name":"H\u00fctter Veiligheid B.V.","article_modified_time":"2025-12-08T08:55:00+00:00","og_image":[{"width":1459,"height":2343,"url":"https:\/\/www.hutter.nl\/wp-content\/uploads\/2025\/09\/Harnas-Voor-e1758618506521.png","type":"image\/png"}],"twitter_card":"summary_large_image","twitter_site":"@hutter_safety","twitter_misc":{"Tiempo de lectura":"1 minuto"},"schema":{"@context":"https:\/\/schema.org","@graph":[{"@type":"WebPage","@id":"https:\/\/www.hutter.nl\/es\/winkel\/gama\/proteccion-anticaidas\/arneses\/arnes-funcional-hsi\/","url":"https:\/\/www.hutter.nl\/es\/winkel\/gama\/proteccion-anticaidas\/arneses\/arnes-funcional-hsi\/","name":"Arn\u00e9s Funcional HSI - H\u00fctter Veiligheid B.V.","isPartOf":{"@id":"https:\/\/www.hutter.nl\/#website"},"primaryImageOfPage":{"@id":"https:\/\/www.hutter.nl\/es\/winkel\/gama\/proteccion-anticaidas\/arneses\/arnes-funcional-hsi\/#primaryimage"},"image":{"@id":"https:\/\/www.hutter.nl\/es\/winkel\/gama\/proteccion-anticaidas\/arneses\/arnes-funcional-hsi\/#primaryimage"},"thumbnailUrl":"https:\/\/www.hutter.nl\/wp-content\/uploads\/2025\/09\/Harnas-Voor-e1758618506521.png","datePublished":"2025-09-23T14:28:44+00:00","dateModified":"2025-12-08T08:55:00+00:00","description":"Arn\u00e9s Funcional HSI \u2013 Arn\u00e9s antica\u00eddas ligero de tres puntos con correas ajustables, anilla dorsal en D y bucles en el pecho para una sujeci\u00f3n segura y vers\u00e1til.","breadcrumb":{"@id":"https:\/\/www.hutter.nl\/es\/winkel\/gama\/proteccion-anticaidas\/arneses\/arnes-funcional-hsi\/#breadcrumb"},"inLanguage":"es","potentialAction":[{"@type":"ReadAction","target":["https:\/\/www.hutter.nl\/es\/winkel\/gama\/proteccion-anticaidas\/arneses\/arnes-funcional-hsi\/"]}]},{"@type":"ImageObject","inLanguage":"es","@id":"https:\/\/www.hutter.nl\/es\/winkel\/gama\/proteccion-anticaidas\/arneses\/arnes-funcional-hsi\/#primaryimage","url":"https:\/\/www.hutter.nl\/wp-content\/uploads\/2025\/09\/Harnas-Voor-e1758618506521.png","contentUrl":"https:\/\/www.hutter.nl\/wp-content\/uploads\/2025\/09\/Harnas-Voor-e1758618506521.png","width":1459,"height":2343,"caption":"arn\u00e9s-funcional-hsi"},{"@type":"BreadcrumbList","@id":"https:\/\/www.hutter.nl\/es\/winkel\/gama\/proteccion-anticaidas\/arneses\/arnes-funcional-hsi\/#breadcrumb","itemListElement":[{"@type":"ListItem","position":1,"name":"Home","item":"https:\/\/www.hutter.nl\/es\/"},{"@type":"ListItem","position":2,"name":"Winkel","item":"https:\/\/www.hutter.nl\/winkel\/"},{"@type":"ListItem","position":3,"name":"Arn\u00e9s Funcional HSI"}]},{"@type":"WebSite","@id":"https:\/\/www.hutter.nl\/#website","url":"https:\/\/www.hutter.nl\/","name":"H\u00fctter Safety","description":"Specialist in arbeidsveiligheid sinds 1909","publisher":{"@id":"https:\/\/www.hutter.nl\/#organization"},"potentialAction":[{"@type":"SearchAction","target":{"@type":"EntryPoint","urlTemplate":"https:\/\/www.hutter.nl\/?s={search_term_string}"},"query-input":{"@type":"PropertyValueSpecification","valueRequired":true,"valueName":"search_term_string"}}],"inLanguage":"es"},{"@type":"Organization","@id":"https:\/\/www.hutter.nl\/#organization","name":"H\u00fctter Veiligheid B.V.","url":"https:\/\/www.hutter.nl\/","logo":{"@type":"ImageObject","inLanguage":"es","@id":"https:\/\/www.hutter.nl\/#\/schema\/logo\/image\/","url":"https:\/\/www.hutter.nl\/wp-content\/uploads\/2016\/10\/Hutter_Veiligheid_logo-email.png","contentUrl":"https:\/\/www.hutter.nl\/wp-content\/uploads\/2016\/10\/Hutter_Veiligheid_logo-email.png","width":150,"height":104,"caption":"H\u00fctter Veiligheid B.V."},"image":{"@id":"https:\/\/www.hutter.nl\/#\/schema\/logo\/image\/"},"sameAs":["https:\/\/x.com\/hutter_safety","https:\/\/www.linkedin.com\/company\/h\u00fctter-veiligheid-bv?trk=company_logo"]}]}},"_links":{"self":[{"href":"https:\/\/www.hutter.nl\/es\/wp-json\/wp\/v2\/product\/14902","targetHints":{"allow":["GET"]}}],"collection":[{"href":"https:\/\/www.hutter.nl\/es\/wp-json\/wp\/v2\/product"}],"about":[{"href":"https:\/\/www.hutter.nl\/es\/wp-json\/wp\/v2\/types\/product"}],"replies":[{"embeddable":true,"href":"https:\/\/www.hutter.nl\/es\/wp-json\/wp\/v2\/comments?post=14902"}],"wp:featuredmedia":[{"embeddable":true,"href":"https:\/\/www.hutter.nl\/es\/wp-json\/wp\/v2\/media\/14847"}],"wp:attachment":[{"href":"https:\/\/www.hutter.nl\/es\/wp-json\/wp\/v2\/media?parent=14902"}],"wp:term":[{"taxonomy":"product_brand","embeddable":true,"href":"https:\/\/www.hutter.nl\/es\/wp-json\/wp\/v2\/product_brand?post=14902"},{"taxonomy":"product_cat","embeddable":true,"href":"https:\/\/www.hutter.nl\/es\/wp-json\/wp\/v2\/product_cat?post=14902"},{"taxonomy":"product_tag","embeddable":true,"href":"https:\/\/www.hutter.nl\/es\/wp-json\/wp\/v2\/product_tag?post=14902"}],"curies":[{"name":"wp","href":"https:\/\/api.w.org\/{rel}","templated":true}]}}